{"id":599,"date":"2017-11-29T15:21:54","date_gmt":"2017-11-29T15:21:54","guid":{"rendered":"https:\/\/www.enka.com\/sustainability\/sustainability\/ethics-compliance\/executive-ethics-compliance-committee\/"},"modified":"2026-02-26T09:00:24","modified_gmt":"2026-02-26T06:00:24","slug":"yonetim-etik-uyum-komitesi","status":"publish","type":"page","link":"https:\/\/www.enka.com\/sustainability\/tr\/anasayfa\/etik-uyum\/yonetim-etik-uyum-komitesi\/","title":{"rendered":"Y\u00d6NET\u0130M ET\u0130K VE UYUM KOM\u0130TES\u0130"},"content":{"rendered":"<div class=\"wpb-content-wrapper\">[vc_row full_width=&#8221;stretch_row_content_no_spaces&#8221;][vc_column]<div id=\"ultimate-heading-695969ef9ff763333\" class=\"uvc-heading ult-adjust-bottom-margin ultimate-heading-695969ef9ff763333 uvc-4019 \" data-hspacer=\"no_spacer\"  data-halign=\"center\" style=\"text-align:center\"><div class=\"uvc-heading-spacer no_spacer\" style=\"top\"><\/div><div class=\"uvc-main-heading ult-responsive\"  data-ultimate-target='.uvc-heading.ultimate-heading-695969ef9ff763333 h1'  data-responsive-json-new='{\"font-size\":\"\",\"line-height\":\"\"}' ><h1 style=\"font-weight:bold;color:#025e9e;\">Y\u00d6NET\u0130M ET\u0130K VE UYUM KOM\u0130TES\u0130<\/h1><\/div><\/div><div class=\"ult-spacer spacer-69ef9ff7633f0\" data-id=\"69ef9ff7633f0\" data-height=\"40\" data-height-mobile=\"40\" data-height-tab=\"40\" data-height-tab-portrait=\"\" data-height-mobile-landscape=\"\" style=\"clear:both;display:block;\"><\/div>[\/vc_column][\/vc_row][vc_row equal_height=&#8221;yes&#8221; css_animation=&#8221;fadeIn&#8221;][vc_column width=&#8221;2\/3&#8243;]<div id=\"ultimate-heading-960969ef9ff763428\" class=\"uvc-heading ult-adjust-bottom-margin ultimate-heading-960969ef9ff763428 uvc-2472 \" data-hspacer=\"no_spacer\"  data-halign=\"left\" style=\"text-align:left\"><div class=\"uvc-heading-spacer no_spacer\" style=\"top\"><\/div><div class=\"uvc-main-heading ult-responsive\"  data-ultimate-target='.uvc-heading.ultimate-heading-960969ef9ff763428 h1'  data-responsive-json-new='{\"font-size\":\"\",\"line-height\":\"\"}' ><h1 style=\"font-weight:bold;color:#025e9e;\">Misyon<\/h1><\/div><\/div><div class=\"ult-spacer spacer-69ef9ff76346f\" data-id=\"69ef9ff76346f\" data-height=\"20\" data-height-mobile=\"20\" data-height-tab=\"20\" data-height-tab-portrait=\"\" data-height-mobile-landscape=\"\" style=\"clear:both;display:block;\"><\/div>[vc_column_text css_animation=&#8221;fadeIn&#8221;]\n<p style=\"text-align: justify;\">Etik ve uyum program\u0131n\u0131n kurumsal de\u011ferleri desteklemesini sa\u011flamak amac\u0131yla Y\u00f6netim Kurulu\u2019na ba\u011fl\u0131 olarak olu\u015fturulan Y\u00f6netim Etik ve Uyum Komitesi (\u201cKomite\u201d), \u015firketin; etkili bir etik ve uyum program\u0131 y\u00fcr\u00fctmesine, b\u00f6ylesine bir programa temel olacak prensipleri belirlemesine ve etik i\u015f y\u00fcr\u00fctme ve yasalara uyuma \u00f6nem veren bir kurumsal k\u00fclt\u00fcr\u00fc, s\u00fcrekli te\u015fvik etmesine yard\u0131mc\u0131 olmaktad\u0131r.<\/p>\n[\/vc_column_text][\/vc_column][vc_column width=&#8221;1\/3&#8243;]<div class=\"ult-spacer spacer-69ef9ff763493\" data-id=\"69ef9ff763493\" data-height=\"20\" data-height-mobile=\"20\" data-height-tab=\"20\" data-height-tab-portrait=\"\" data-height-mobile-landscape=\"\" style=\"clear:both;display:block;\"><\/div>[vc_single_image image=&#8221;2459&#8243; img_size=&#8221;600&#215;300&#8243; alignment=&#8221;right&#8221; css_animation=&#8221;fadeIn&#8221;][\/vc_column][\/vc_row][vc_row equal_height=&#8221;yes&#8221; css_animation=&#8221;fadeIn&#8221;][vc_column]<div id=\"ultimate-heading-283769ef9ff7634bd\" class=\"uvc-heading ult-adjust-bottom-margin ultimate-heading-283769ef9ff7634bd uvc-2209 \" data-hspacer=\"no_spacer\"  data-halign=\"left\" style=\"text-align:left\"><div class=\"uvc-heading-spacer no_spacer\" style=\"top\"><\/div><div class=\"uvc-main-heading ult-responsive\"  data-ultimate-target='.uvc-heading.ultimate-heading-283769ef9ff7634bd h1'  data-responsive-json-new='{\"font-size\":\"\",\"line-height\":\"\"}' ><h1 style=\"font-weight:bold;color:#025e9e;\">Kapsam<\/h1><\/div><\/div><div class=\"ult-spacer spacer-69ef9ff7634fb\" data-id=\"69ef9ff7634fb\" data-height=\"20\" data-height-mobile=\"20\" data-height-tab=\"20\" data-height-tab-portrait=\"\" data-height-mobile-landscape=\"\" style=\"clear:both;display:block;\"><\/div>[vc_column_text css_animation=&#8221;fadeIn&#8221;]\n<ol>\n<li>\u015eirketi bir b\u00fct\u00fcn olarak kapsayan etik ve uyum program\u0131n\u0131n \u00fcst d\u00fczey y\u00f6netim taraf\u0131ndan y\u00f6netilmesininin ve g\u00f6zetilmesinin sa\u011flanmas\u0131.<\/li>\n<li>Program\u0131n genel etkinli\u011finin ve verimlili\u011finin de\u011ferlendirilmesi ve gerekti\u011finde Y\u00f6netim Kurulu\u2019na tavsiyelerde bulunarak, \u015firketin etkili bir etik ve uyum program\u0131na sahip olmas\u0131n\u0131n temin edilmesi.<\/li>\n<li>\u015eirketin her seviyesinde etik i\u015f y\u00fcr\u00fctmeyi destekleyecek programlar\u0131 uygulamas\u0131 i\u00e7in \u015firket genelinde (Merkez Ofis ve projeler) ve i\u015ftiraklerde olu\u015fturulacak gruplar\u0131n i\u015flevsel etkinliklerinin desteklenmesi ve g\u00fc\u00e7lendirilmesi.<\/li>\n<li>Genel M\u00fcd\u00fcr ve Y\u00f6netim Kurulu Ba\u015fkan\u0131\u2019na ve di\u011fer kurumsal y\u00f6neticilere rehberlik, bilgi ve \u00f6l\u00e7\u00fcmler sunarak etik ve uyum programlar\u0131n\u0131n yeterli kayna\u011fa eri\u015febilmesinin sa\u011flanmas\u0131.<\/li>\n<li>\u015eirketin alt birimlerinin etik i\u015f y\u00fcr\u00fctme ve yasalara uyumu i\u00e7in ger\u00e7ekle\u015ftirilen denetimlerin \u00e7\u0131kt\u0131lar\u0131n\u0131n incelenmesi ve ve s\u00fcre\u00e7lerdeki iyile\u015ftirilmesi gereken alanlar\u0131n tespit edilmesi.<\/li>\n<li style=\"text-align: justify;\">\u015eirketin etik ve uyum program\u0131n\u0131n durumunun, performans\u0131n\u0131n ve bir sonraki d\u00f6nem planlar\u0131n\u0131n Denetim Komitesi\u2019ne ve Y\u00f6netim Kurulu\u2019na raporlanmas\u0131.<\/li>\n<\/ol>\n[\/vc_column_text][\/vc_column][\/vc_row][vc_row equal_height=&#8221;yes&#8221; css_animation=&#8221;fadeIn&#8221;][vc_column width=&#8221;2\/3&#8243;]<div id=\"ultimate-heading-532269ef9ff763523\" class=\"uvc-heading ult-adjust-bottom-margin ultimate-heading-532269ef9ff763523 uvc-6529 \" data-hspacer=\"no_spacer\"  data-halign=\"left\" style=\"text-align:left\"><div class=\"uvc-heading-spacer no_spacer\" style=\"top\"><\/div><div class=\"uvc-main-heading ult-responsive\"  data-ultimate-target='.uvc-heading.ultimate-heading-532269ef9ff763523 h1'  data-responsive-json-new='{\"font-size\":\"\",\"line-height\":\"\"}' ><h1 style=\"font-weight:bold;color:#025e9e;\">Ama\u00e7lar<\/h1><\/div><\/div><div class=\"ult-spacer spacer-69ef9ff76355e\" data-id=\"69ef9ff76355e\" data-height=\"20\" data-height-mobile=\"20\" data-height-tab=\"20\" data-height-tab-portrait=\"\" data-height-mobile-landscape=\"\" style=\"clear:both;display:block;\"><\/div>[vc_column_text css_animation=&#8221;fadeIn&#8221;]\n<p style=\"text-align: justify;\">Komite:<\/p>\n<ol style=\"text-align: justify;\">\n<li style=\"text-align: justify;\">\u015eirketin etik ve uyum sisteminin yeterli ve etkili bir \u015fekilde y\u00fcr\u00fct\u00fcld\u00fc\u011f\u00fcnden emin olunmas\u0131 ad\u0131na, a\u015fa\u011f\u0131daki uygulamalar\u0131\/\u00e7al\u0131\u015fmalar\u0131 d\u00fczenli aral\u0131klarla g\u00f6zden ge\u00e7irerek, \u015firketin etik ve uyum program\u0131n\u0131n mevcut performans\u0131n\u0131 ve s\u00fcrekli geli\u015ftirilmesini g\u00f6zetir.<\/li>\n<\/ol>\n<ul>\n<li style=\"list-style-type: none;\">\n<ul style=\"text-align: justify; list-style-type: disc;\">\n<li>Hem kurumsal hem de \u015firketin (d\u00fcnya \u00e7ap\u0131ndaki saha ve projeleri de dahil) t\u00fcm alt birimlerinde etik ve uyum etkinlikleri,<\/li>\n<li>Kurumsal ve proje baz\u0131nda etik ve uyum e\u011fitim planlar\u0131 ve bu planlar kapsam\u0131nda \u015firket genelinde g\u00f6sterilen performans,<\/li>\n<li>Etik Hatt\u0131\u2019na ve e-posta adresine iletilen ihbarlar\u0131n de\u011ferlendirilmesi ve ara\u015ft\u0131r\u0131lmas\u0131,<\/li>\n<li>Etik Hatt\u0131 ve e-posta adresine iletilen ihbarlar\u0131n istatistiklerinin ve e\u011filimlerin de\u011ferlendirilmesi,<\/li>\n<li>\u015eirket \u00e7ap\u0131nda etik ve uyum e\u011fitimi ve fark\u0131ndal\u0131k art\u0131rma programlar\u0131,<\/li>\n<li>\u015eirket politikalar\u0131, yasalar, d\u00fczenlemeler ve yasal sorumluluklara uyumu sa\u011flamak i\u00e7in ger\u00e7ekle\u015ftirilen \u015firket i\u00e7i izleme etkinlikleri.<\/li>\n<\/ul>\n<\/li>\n<\/ul>\n<ol start=\"2\">\n<li>Etik ve uyum program\u0131 i\u00e7in \u015firket geneli ve birimler seviyesinde kullan\u0131lacak kilit \u00f6l\u00e7\u00fctleri geli\u015ftirip Y\u00f6netim Kurulu\u2019na sunar.<\/li>\n<li>\u0130\u015f stratejisi, riskler, d\u00fczenleyici ve yasal gereksinimler alanlar\u0131ndaki de\u011fi\u015fikliklere g\u00f6re \u015firketin etik ve uyum alanlar\u0131ndaki politikalar\u0131n\u0131 ve prosed\u00fcrlerini geli\u015ftirmesini veya g\u00fcncellemesini \u00f6nerir.<\/li>\n<\/ol>\n[\/vc_column_text][\/vc_column][vc_column width=&#8221;1\/3&#8243;]<div class=\"ult-spacer spacer-69ef9ff76357d\" data-id=\"69ef9ff76357d\" data-height=\"80\" data-height-mobile=\"80\" data-height-tab=\"80\" data-height-tab-portrait=\"\" data-height-mobile-landscape=\"\" style=\"clear:both;display:block;\"><\/div>[vc_single_image image=&#8221;2461&#8243; img_size=&#8221;800&#215;800&#8243; alignment=&#8221;right&#8221; css_animation=&#8221;fadeIn&#8221;][\/vc_column][\/vc_row][vc_row equal_height=&#8221;yes&#8221; css_animation=&#8221;fadeIn&#8221;][vc_column width=&#8221;1\/2&#8243;]<div id=\"ultimate-heading-46169ef9ff7635a9\" class=\"uvc-heading ult-adjust-bottom-margin ultimate-heading-46169ef9ff7635a9 uvc-7731 \" data-hspacer=\"no_spacer\"  data-halign=\"left\" style=\"text-align:left\"><div class=\"uvc-heading-spacer no_spacer\" style=\"top\"><\/div><div class=\"uvc-main-heading ult-responsive\"  data-ultimate-target='.uvc-heading.ultimate-heading-46169ef9ff7635a9 h1'  data-responsive-json-new='{\"font-size\":\"\",\"line-height\":\"\"}' ><h1 style=\"font-weight:bold;color:#025e9e;\">\u0130\u015fleyi\u015f \u0130lkeleri<\/h1><\/div><\/div><div class=\"ult-spacer spacer-69ef9ff7635df\" data-id=\"69ef9ff7635df\" data-height=\"20\" data-height-mobile=\"20\" data-height-tab=\"20\" data-height-tab-portrait=\"\" data-height-mobile-landscape=\"\" style=\"clear:both;display:block;\"><\/div>[vc_column_text css_animation=&#8221;fadeIn&#8221;]\n<ol>\n<li>Komitenin ola\u011fan toplant\u0131lar\u0131, Komite Ba\u015fkan\u0131\u2019n\u0131n bilgilendirme sunmas\u0131 gereken her Y\u00f6netim Kurulu toplant\u0131s\u0131ndan \u00f6nce ger\u00e7ekle\u015ftirilecektir. Ek toplant\u0131lar gerekti\u011finde, Y\u00f6netim Kurulu\u2019nun veya Komite Ba\u015fkan\u0131\u2019n\u0131n belirledi\u011fi konular\u0131n g\u00f6r\u00fc\u015f\u00fclmesi i\u00e7in ayarlanacakt\u0131r.<\/li>\n<li>Her takvim y\u0131l\u0131nda Komite en az iki kez toplanacakt\u0131r. Her toplant\u0131dan \u00f6nce g\u00fcndem ve gerekli destek materyali kat\u0131l\u0131mc\u0131lara Komite Ba\u015fkan\u0131 taraf\u0131ndan ula\u015ft\u0131r\u0131lacakt\u0131r.<\/li>\n<li>Komite Ba\u015fkan\u0131, Genel M\u00fcd\u00fcr ve Y\u00f6netim Kurulu Ba\u015fkan\u0131\u2019n\u0131n iste\u011fi \u00fczerine, \u0130cra Kurulu veya Y\u00f6netim Kurulu toplant\u0131lar\u0131nda etik ve uyum etkinlikleri ve tavsiyelerine dair g\u00fcncel bilgileri sunacakt\u0131r.<\/li>\n<\/ol>\n[\/vc_column_text][vc_single_image image=&#8221;2517&#8243; img_size=&#8221;600&#215;200&#8243; alignment=&#8221;right&#8221; css_animation=&#8221;fadeIn&#8221;][\/vc_column][vc_column width=&#8221;1\/2&#8243;]<div id=\"ultimate-heading-506069ef9ff76360a\" class=\"uvc-heading ult-adjust-bottom-margin ultimate-heading-506069ef9ff76360a uvc-8267 \" data-hspacer=\"no_spacer\"  data-halign=\"left\" style=\"text-align:left\"><div class=\"uvc-heading-spacer no_spacer\" style=\"top\"><\/div><div class=\"uvc-main-heading ult-responsive\"  data-ultimate-target='.uvc-heading.ultimate-heading-506069ef9ff76360a h1'  data-responsive-json-new='{\"font-size\":\"\",\"line-height\":\"\"}' ><h1 style=\"font-weight:bold;color:#025e9e;\">\u00dcyelik<\/h1><\/div><\/div><div class=\"ult-spacer spacer-69ef9ff76363d\" data-id=\"69ef9ff76363d\" data-height=\"20\" data-height-mobile=\"20\" data-height-tab=\"20\" data-height-tab-portrait=\"\" data-height-mobile-landscape=\"\" style=\"clear:both;display:block;\"><\/div>[vc_column_text css_animation=&#8221;fadeIn&#8221; css=&#8221;&#8221;]\n<p style=\"text-align: justify;\">Komitenin Ba\u015fkan\u0131 Komite Kal\u0131c\u0131 \u00dcyeleri aras\u0131ndan belirlenir, Genel M\u00fcd\u00fcr ve Y\u00f6netim Kurulu Ba\u015fkan\u0131\u2019nca atan\u0131r.<\/p>\n<p style=\"text-align: justify;\"><strong><u>Komitenin Kal\u0131c\u0131 \u00dcyeleri <\/u><\/strong><\/p>\n<ul style=\"text-align: justify;\">\n<li>Ba\u015f Hukuk M\u00fc\u015faviri (\u0130cra Kurulu \u00dcyesi)<\/li>\n<li>Mali \u0130\u015fler Ba\u015fkan\u0131 (\u0130cra Kurulu \u00dcyesi)<\/li>\n<li>Genel M\u00fcd\u00fcr Yard\u0131mc\u0131s\u0131 (Kalite, \u00c7GS, \u0130leti\u015fim, S\u00fcrd\u00fcr\u00fclebilirlik &amp; Uyum, Bilgi Teknolojileri)<\/li>\n<\/ul>\n<p style=\"text-align: justify;\"><strong><u>Komitenin Yard\u0131mc\u0131 \u00dcyeleri<\/u><\/strong><\/p>\n<ul style=\"text-align: justify;\">\n<li>Merkez S\u00fcrd\u00fcr\u00fclebilirlik ve Uyum M\u00fcd\u00fcr\u00fc<\/li>\n<li>K\u0131demli Hukuk M\u00fc\u015faviri<\/li>\n<li>Merkez Mali Kontrol M\u00fcd\u00fcr\u00fc<\/li>\n<li>Finans Direkt\u00f6r\u00fc<\/li>\n<li>Genel M\u00fcd\u00fcr Yard\u0131mc\u0131s\u0131 &#8211; Merkez \u0130K ve \u0130dari \u0130\u015fler<\/li>\n<li>Merkez \u00c7GS M\u00fcd\u00fcr\u00fc<\/li>\n<li>Merkez Kalite M\u00fcd\u00fcr\u00fc<\/li>\n<\/ul>\n<p style=\"text-align: justify;\">\u015eirketin Proje Y\u00fcr\u00fctme Gruplar\u0131, Komitede ilgili \u0130cra Kurulu \u00dcyesince atanan ve Komite Ba\u015fkan\u0131 taraf\u0131ndan onanan k\u0131demli bir \u00fcye taraf\u0131ndan temsil edilir.<\/p>\n[\/vc_column_text][\/vc_column][\/vc_row]\n<\/div>","protected":false},"excerpt":{"rendered":"<p>[vc_row full_width=&#8221;stretch_row_content_no_spaces&#8221;][vc_column][\/vc_column][\/vc_row][vc_row equal_height=&#8221;yes&#8221; css_animation=&#8221;fadeIn&#8221;][vc_column width=&#8221;2\/3&#8243;][vc_column_text css_animation=&#8221;fadeIn&#8221;] Etik ve uyum program\u0131n\u0131n kurumsal de\u011ferleri desteklemesini sa\u011flamak amac\u0131yla Y\u00f6netim Kurulu\u2019na ba\u011fl\u0131 olarak olu\u015fturulan Y\u00f6netim Etik ve Uyum Komitesi (\u201cKomite\u201d), \u015firketin; etkili bir etik ve uyum program\u0131 y\u00fcr\u00fctmesine, b\u00f6ylesine bir programa temel olacak prensipleri belirlemesine ve etik i\u015f y\u00fcr\u00fctme ve yasalara uyuma \u00f6nem veren bir kurumsal k\u00fclt\u00fcr\u00fc, s\u00fcrekli te\u015fvik <a class=\"more-link\" href=\"https:\/\/www.enka.com\/sustainability\/tr\/anasayfa\/etik-uyum\/yonetim-etik-uyum-komitesi\/\">Continue reading <i class=\"fa fa-chevron-right\"><\/i><\/a><\/p>\n","protected":false},"author":1,"featured_media":0,"parent":566,"menu_order":0,"comment_status":"closed","ping_status":"closed","template":"","meta":{"_acf_changed":false,"inline_featured_image":false,"footnotes":""},"class_list":["post-599","page","type-page","status-publish","hentry"],"aioseo_notices":[],"acf":[],"_links":{"self":[{"href":"https:\/\/www.enka.com\/sustainability\/tr\/wp-json\/wp\/v2\/pages\/599","targetHints":{"allow":["GET"]}}],"collection":[{"href":"https:\/\/www.enka.com\/sustainability\/tr\/wp-json\/wp\/v2\/pages"}],"about":[{"href":"https:\/\/www.enka.com\/sustainability\/tr\/wp-json\/wp\/v2\/types\/page"}],"author":[{"embeddable":true,"href":"https:\/\/www.enka.com\/sustainability\/tr\/wp-json\/wp\/v2\/users\/1"}],"replies":[{"embeddable":true,"href":"https:\/\/www.enka.com\/sustainability\/tr\/wp-json\/wp\/v2\/comments?post=599"}],"version-history":[{"count":0,"href":"https:\/\/www.enka.com\/sustainability\/tr\/wp-json\/wp\/v2\/pages\/599\/revisions"}],"up":[{"embeddable":true,"href":"https:\/\/www.enka.com\/sustainability\/tr\/wp-json\/wp\/v2\/pages\/566"}],"wp:attachment":[{"href":"https:\/\/www.enka.com\/sustainability\/tr\/wp-json\/wp\/v2\/media?parent=599"}],"curies":[{"name":"wp","href":"https:\/\/api.w.org\/{rel}","templated":true}]}}