{"id":620,"date":"2017-12-08T10:41:59","date_gmt":"2017-12-08T07:41:59","guid":{"rendered":"https:\/\/www.enka.com\/sustainability\/sustainability\/health-safety-environment__trashed\/environment-management\/"},"modified":"2025-09-12T15:16:12","modified_gmt":"2025-09-12T12:16:12","slug":"cevre-yonetimi-yaklasimi-ve-politikasi","status":"publish","type":"page","link":"https:\/\/www.enka.com\/sustainability\/tr\/anasayfa\/cevre-is-sagligi-guvenligi\/cevre-yonetimi-yaklasimi-ve-politikasi\/","title":{"rendered":"\u00c7EVRE Y\u00d6NET\u0130M\u0130 YAKLA\u015eIMI VE POL\u0130T\u0130KASI"},"content":{"rendered":"<div class=\"wpb-content-wrapper\">[vc_row full_width=&#8221;stretch_row_content_no_spaces&#8221; css_animation=&#8221;fadeIn&#8221;][vc_column]<div id=\"ultimate-heading-471669ef8d7e94a3b\" class=\"uvc-heading ult-adjust-bottom-margin ultimate-heading-471669ef8d7e94a3b uvc-3553 \" data-hspacer=\"no_spacer\"  data-halign=\"center\" style=\"text-align:center\"><div class=\"uvc-heading-spacer no_spacer\" style=\"top\"><\/div><div class=\"uvc-main-heading ult-responsive\"  data-ultimate-target='.uvc-heading.ultimate-heading-471669ef8d7e94a3b h1'  data-responsive-json-new='{\"font-size\":\"\",\"line-height\":\"\"}' ><h1 style=\"font-weight:bold;color:#025e9e;\">\u00c7EVRE Y\u00d6NET\u0130M\u0130 YAKLA\u015eIMI VE POL\u0130T\u0130KASI<\/h1><\/div><\/div><div class=\"ult-spacer spacer-69ef8d7e94b46\" data-id=\"69ef8d7e94b46\" data-height=\"32\" data-height-mobile=\"32\" data-height-tab=\"32\" data-height-tab-portrait=\"\" data-height-mobile-landscape=\"\" style=\"clear:both;display:block;\"><\/div>[\/vc_column][\/vc_row][vc_row css_animation=&#8221;fadeIn&#8221;][vc_column]<div id=\"ultimate-heading-98169ef8d7e94b86\" class=\"uvc-heading ult-adjust-bottom-margin ultimate-heading-98169ef8d7e94b86 uvc-4947 \" data-hspacer=\"no_spacer\"  data-halign=\"left\" style=\"text-align:left\"><div class=\"uvc-heading-spacer no_spacer\" style=\"top\"><\/div><div class=\"uvc-main-heading ult-responsive\"  data-ultimate-target='.uvc-heading.ultimate-heading-98169ef8d7e94b86 h2'  data-responsive-json-new='{\"font-size\":\"\",\"line-height\":\"\"}' ><h2 style=\"font-weight:normal;color:#025e9e;\">\u00c7EVRESEL YAKLA\u015eIMIMIZ<\/h2><\/div><\/div><div class=\"ult-spacer spacer-69ef8d7e94c06\" data-id=\"69ef8d7e94c06\" data-height=\"20\" data-height-mobile=\"20\" data-height-tab=\"20\" data-height-tab-portrait=\"\" data-height-mobile-landscape=\"\" style=\"clear:both;display:block;\"><\/div>[vc_column_text css_animation=&#8221;fadeIn&#8221;]\n<p style=\"text-align: justify;\">ENKA olarak temel amac\u0131m\u0131z, faaliyet g\u00f6sterdi\u011fimiz t\u00fcm lokasyonlarda \u00e7evreye \u201cS\u0131f\u0131r Zarar\u201d vermektir. Bu amaca ula\u015fmak ve s\u00fcrd\u00fcr\u00fclebilir bir gelecek i\u00e7in ilgili S\u00fcrd\u00fcr\u00fclebilir Kalk\u0131nma Hedeflerine hizmet etmek ad\u0131na;<\/p>\n<ul>\n<li style=\"text-align: justify;\">Operasyonlar\u0131m\u0131z\u0131n potansiyel \u00e7evresel etkilerini i\u015fin ba\u015f\u0131nda de\u011ferlendiriyoruz,<\/li>\n<li style=\"text-align: justify;\">Faaliyetlerimizi, belirlenen etkiler i\u00e7in yeterli etki azalt\u0131c\u0131 \u00f6nlemleri g\u00f6z \u00f6n\u00fcnde bulundurarak planl\u0131yoruz, ilgili ulusal ve uluslararas\u0131 standart ve mevzuata uygun bir \u015fekilde organizasyonel risk ve f\u0131rsatlar\u0131 tan\u0131yoruz,<\/li>\n<li style=\"text-align: justify;\">\u00c7al\u0131\u015fanlar\u0131m\u0131z\u0131n \u00e7evre konular\u0131nda e\u011fitimli ve yetkin oldu\u011fundan emin oluyoruz,<\/li>\n<li>Gerekti\u011finde ilgili taraflara e\u011fitim sa\u011fl\u0131yor ya da onlara dan\u0131\u015f\u0131yoruz,<\/li>\n<li>Enerji ve emisyon y\u00f6netimi, do\u011fal kaynak y\u00f6netimi, malzeme ve hammadde y\u00f6netimi, toprak y\u00f6netimi, su y\u00f6netimi , at\u0131k y\u00f6netimi, biyo\u00e7e\u015fitlili\u011fin korunmas\u0131, iklim de\u011fi\u015fikli\u011fi ve karbon ayakizi konu ba\u015fl\u0131klar\u0131n\u0131 g\u00f6z \u00f6n\u00fcnde bulunduruyor ve s\u00fcrekli takibini ger\u00e7ekle\u015ftiriyoruz,<\/li>\n<li style=\"text-align: justify;\">Performans\u0131m\u0131z\u0131, belirledi\u011fimiz <strong><span style=\"font-size: 14pt;\"><a href=\"https:\/\/www.enka.com\/sustainability\/tr\/surdurulebilirlik-hedefleri#smart-hedefler\" target=\"_blank\" rel=\"noopener noreferrer\">SMART hedeflere<\/a><\/span><\/strong> g\u00f6re \u00f6l\u00e7\u00fcyoruz,<\/li>\n<li style=\"text-align: justify;\">Ta\u015feron ve tedarik\u00e7ilerimize y\u00f6nelik, d\u00fczenli aral\u0131klarla i\u00e7 denetimler ger\u00e7ekle\u015ftiriyoruz,<\/li>\n<li style=\"text-align: justify;\">S\u00fcrekli iyile\u015ftirmeyi desteklemek ad\u0131na \u00e7evresel y\u00f6netim sistemimiz hakk\u0131nda y\u0131ll\u0131k y\u00f6netim g\u00f6zden ge\u00e7irmeleri y\u00fcr\u00fctmeyi taahh\u00fct ediyoruz. \u00c7evresel y\u00f6netim sistemimiz d\u00fczenli olarak \u00fc\u00e7\u00fcn\u00fc partiler taraf\u0131ndan denetlenmektedir.<\/li>\n<li style=\"text-align: justify;\">\u00c7evresel performans\u0131m\u0131z\u0131, \u015firket web sayfam\u0131z ve di\u011fer halka a\u00e7\u0131k raporlama platformlar\u0131 arac\u0131l\u0131\u011f\u0131 ile payda\u015flar\u0131m\u0131z, ilgili partiler ve kamuoyuna \u015feffaf bir \u015fekilde raporlamay\u0131 taahh\u00fct ediyoruz,<\/li>\n<li style=\"text-align: justify;\">\u015eirketin sahip oldu\u011fu yat\u0131r\u0131m projelerini, \u00e7evre dostu bir \u015fekilde tasarl\u0131yor ve uyguluyoruz.<\/li>\n<\/ul>\n[\/vc_column_text][\/vc_column][\/vc_row][vc_row css_animation=&#8221;fadeIn&#8221;][vc_column width=&#8221;2\/3&#8243;]<div id=\"ultimate-heading-702069ef8d7e94c3b\" class=\"uvc-heading ult-adjust-bottom-margin ultimate-heading-702069ef8d7e94c3b uvc-2064 \" data-hspacer=\"no_spacer\"  data-halign=\"left\" style=\"text-align:left\"><div class=\"uvc-heading-spacer no_spacer\" style=\"top\"><\/div><div class=\"uvc-main-heading ult-responsive\"  data-ultimate-target='.uvc-heading.ultimate-heading-702069ef8d7e94c3b h2'  data-responsive-json-new='{\"font-size\":\"\",\"line-height\":\"\"}' ><h2 style=\"font-weight:normal;color:#025e9e;\">\u00c7EVRESEL ETK\u0130 DE\u011eERLEND\u0130RMES\u0130<\/h2><\/div><\/div><div class=\"ult-spacer spacer-69ef8d7e94c7d\" data-id=\"69ef8d7e94c7d\" data-height=\"20\" data-height-mobile=\"20\" data-height-tab=\"20\" data-height-tab-portrait=\"\" data-height-mobile-landscape=\"\" style=\"clear:both;display:block;\"><\/div>[vc_column_text css_animation=&#8221;fadeIn&#8221;]\n<p style=\"text-align: justify;\">\u00c7evresel Etki De\u011ferlendirmeleri, faaliyetlerimizde uygulad\u0131\u011f\u0131m\u0131z \u00e7evresel y\u00f6netim sistemimiz i\u00e7in bir temel olu\u015fturmaktad\u0131r. Bu de\u011ferlendirmeler s\u0131ras\u0131nda, enerji, su, toprak, hava, biyo\u00e7e\u015fitlilik, g\u00fcr\u00fclt\u00fc, titre\u015fim ve do\u011fal kaynaklar \u00fcst\u00fcndeki potansiyel etkilerimiz tan\u0131mlanmaktad\u0131r. T\u00fcm projelerimizde, \u00f6zellikle de biyo\u00e7e\u015fitlilik a\u00e7\u0131s\u0131ndan zengin, k\u00fclt\u00fcrel \u00f6neme sahip b\u00f6lgelerde s\u0131k\u0131 standartlar uygulanmakta ve yerel halk ile yak\u0131n temas kurulmaktad\u0131r. Faaliyetlerimizin ilerleyen a\u015famalar\u0131nda, gerekti\u011fi takdirde ek de\u011ferlendirmeler ve anketler yap\u0131l\u0131r. Tan\u0131mlanan t\u00fcm etkiler gerekli d\u00f6k\u00fcmantasyon ile kaydedilir. Belirlenmi\u015f olan etkiler i\u00e7in uygulanabilir olan azalt\u0131mlar bu de\u011ferlendirmelerde tan\u0131mlan\u0131p proje planlamas\u0131na dahil edilmektedir.<\/p>\n[\/vc_column_text][\/vc_column][vc_column width=&#8221;1\/3&#8243;][vc_single_image image=&#8221;3556&#8243; img_size=&#8221;full&#8221;][\/vc_column][\/vc_row][vc_row css_animation=&#8221;fadeIn&#8221;][vc_column]<div id=\"ultimate-heading-130769ef8d7e94ca4\" class=\"uvc-heading ult-adjust-bottom-margin ultimate-heading-130769ef8d7e94ca4 uvc-207 \" data-hspacer=\"no_spacer\"  data-halign=\"left\" style=\"text-align:left\"><div class=\"uvc-heading-spacer no_spacer\" style=\"top\"><\/div><div class=\"uvc-main-heading ult-responsive\"  data-ultimate-target='.uvc-heading.ultimate-heading-130769ef8d7e94ca4 h2'  data-responsive-json-new='{\"font-size\":\"\",\"line-height\":\"\"}' ><h2 style=\"font-weight:normal;color:#025e9e;\">PLANLAMA VE R\u0130SK DE\u011eERLEND\u0130RMES\u0130<\/h2><\/div><\/div><div class=\"ult-spacer spacer-69ef8d7e94ce0\" data-id=\"69ef8d7e94ce0\" data-height=\"20\" data-height-mobile=\"20\" data-height-tab=\"20\" data-height-tab-portrait=\"\" data-height-mobile-landscape=\"\" style=\"clear:both;display:block;\"><\/div>[vc_column_text css_animation=&#8221;fadeIn&#8221;]\n<p style=\"text-align: justify;\">T\u00fcm faaliyetlerimiz i\u00e7in, \u00e7evresel y\u00f6netim metodolojimizi geli\u015ftirirken belirlenmi\u015f etkiler ve azalt\u0131m se\u00e7eneklerini s\u00fcrecin ana par\u00e7alar\u0131ndan biri olarak g\u00f6z \u00f6n\u00fcnde bulunduruyoruz. Ayr\u0131ca, bu etki ve azalt\u0131m opsiyonlar\u0131n\u0131, ana s\u00f6zle\u015fmenin, ulusal ve uluslararas\u0131 mevzuat\u0131n ve standartlar\u0131n ilgili gereksinimleriyle birle\u015ftiriyoruz. Takiben, faaliyetlerimizin \u00e7evre y\u00f6netiminden etkilenen payda\u015flar\u0131m\u0131z\u0131n i\u00e7 ve d\u0131\u015f konular\u0131, ihtiya\u00e7 ve beklentilerini tespit ediyoruz. Bu konulardan kaynaklanan riskler ve f\u0131rsatlar de\u011ferlendirildikten sonra \u00e7evre planlamas\u0131na dahil ediyoruz. Her operasyonumuzda; \u00fcr\u00fcnlerimiz, hizmetlerimiz ve faaliyetlerimiz i\u00e7in proje ba\u015flang\u0131c\u0131ndan biti\u015fine kadar t\u00fcm analizleri yap\u0131yoruz.<\/p>\n[\/vc_column_text]<div id=\"ultimate-heading-676769ef8d7e94d05\" class=\"uvc-heading ult-adjust-bottom-margin ultimate-heading-676769ef8d7e94d05 uvc-9208 \" data-hspacer=\"no_spacer\"  data-halign=\"left\" style=\"text-align:left\"><div class=\"uvc-heading-spacer no_spacer\" style=\"top\"><\/div><div class=\"uvc-main-heading ult-responsive\"  data-ultimate-target='.uvc-heading.ultimate-heading-676769ef8d7e94d05 h2'  data-responsive-json-new='{\"font-size\":\"\",\"line-height\":\"\"}' ><h2 style=\"font-weight:normal;color:#025e9e;\">E\u011e\u0130T\u0130M, YETK\u0130NL\u0130K &amp; DANI\u015eMANLIK<\/h2><\/div><\/div><div class=\"ult-spacer spacer-69ef8d7e94d43\" data-id=\"69ef8d7e94d43\" data-height=\"20\" data-height-mobile=\"20\" data-height-tab=\"20\" data-height-tab-portrait=\"\" data-height-mobile-landscape=\"\" style=\"clear:both;display:block;\"><\/div>[vc_column_text]\n<p style=\"text-align: justify;\">Temel hedeflerimize ula\u015fmak i\u00e7in, \u00e7al\u0131\u015fanlar\u0131m\u0131z\u0131n yetkin olduklar\u0131ndan emin oluruz. Bu ama\u00e7la hem Merkez Ofis hem de t\u00fcm operasyonlar\u0131m\u0131zda yetkin profesyoneller ile \u00e7al\u0131\u015fmaktay\u0131z. \u00c7al\u0131\u015fanlar\u0131m\u0131za d\u00fczenli olarak enerji y\u00f6netimi, su y\u00f6netimi, toprak y\u00f6netimi, iklim de\u011fi\u015fikli\u011fi, kirlilik \u00f6nleme, d\u00f6k\u00fclmeyi \u00f6nleme, biyo\u00e7e\u015fitlili\u011fin korunmas\u0131, yerel topluluklar ve do\u011fal kaynak t\u00fcketimi konular\u0131nda uygun ve yeterli miktarda e\u011fitim sa\u011flamaktay\u0131z. Ayn\u0131 zamanda, payda\u015flar\u0131m\u0131z\u0131 ilgilendirecek \u00e7evresel konularda kendilerine e\u011fitimler sa\u011flamakta ve fark\u0131ndal\u0131k toplant\u0131lar\u0131 d\u00fczenlemekteyiz. \u00c7evre konular\u0131nda payda\u015flar\u0131m\u0131zla s\u00fcrekli ileti\u015fim halinde olmak ve onlara dan\u0131\u015fmak, y\u00f6netim sistemimizin ana prensiplerindendir.<\/p>\n[\/vc_column_text][\/vc_column][\/vc_row][vc_row css_animation=&#8221;fadeIn&#8221;][vc_column width=&#8221;1\/4&#8243;][vc_single_image image=&#8221;459&#8243; img_size=&#8221;140&#215;340&#8243; alignment=&#8221;center&#8221; css=&#8221;&#8221;][\/vc_column][vc_column width=&#8221;3\/4&#8243;]<div id=\"ultimate-heading-421469ef8d7e94d68\" class=\"uvc-heading ult-adjust-bottom-margin ultimate-heading-421469ef8d7e94d68 uvc-207 \" data-hspacer=\"no_spacer\"  data-halign=\"left\" style=\"text-align:left\"><div class=\"uvc-heading-spacer no_spacer\" style=\"top\"><\/div><div class=\"uvc-main-heading ult-responsive\"  data-ultimate-target='.uvc-heading.ultimate-heading-421469ef8d7e94d68 h2'  data-responsive-json-new='{\"font-size\":\"\",\"line-height\":\"\"}' ><h2 style=\"font-weight:normal;color:#025e9e;\">ENERJ\u0130 VE \u0130KL\u0130M Y\u00d6NET\u0130M\u0130<\/h2><\/div><\/div><div class=\"ult-spacer spacer-69ef8d7e94da0\" data-id=\"69ef8d7e94da0\" data-height=\"20\" data-height-mobile=\"20\" data-height-tab=\"20\" data-height-tab-portrait=\"\" data-height-mobile-landscape=\"\" style=\"clear:both;display:block;\"><\/div>[vc_column_text]\n<p style=\"text-align: justify;\">Enerji y\u00f6netimi, i\u015fimizi yapmam\u0131zda en \u00f6nemli etmenlerden biridir. T\u00fcm s\u00fcre\u00e7lerimizde, en iyi teknolojiyi kullanarak en verimli enerji sistemlerini hayata ge\u00e7irmeyi hedefliyoruz. Mevcut sistemimizi analiz ederek verimlilik artt\u0131rma f\u0131rsatlar\u0131n\u0131 de\u011ferlendirmekte ve uygun iyile\u015ftirmeleri entegre etmekteyiz. Ayr\u0131ca, elveri\u015fli durumlarda yenilenebilir enerji kaynaklar\u0131na yat\u0131r\u0131mlar yapmaktay\u0131z.<\/p>\n<p style=\"text-align: justify;\">G\u00fcn\u00fcm\u00fcz d\u00fcnyas\u0131nda enerji, hayat\u0131m\u0131z\u0131n ba\u011fl\u0131 oldu\u011fu temel bir insan ihtiyac\u0131 ve gereksinim haline gelmi\u015f durumdad\u0131r. Artmakta olan k\u00fcresel n\u00fcfus sebebi ile gezegenimizin mevcut durumu ve iklim \u00e7ok ciddi tehditler alt\u0131ndayken enerjiye olan ihtiya\u00e7 her ge\u00e7en g\u00fcn artmaktad\u0131r.<\/p>\n<p style=\"text-align: justify;\">Bizler ENKA olarak iklimin de\u011fi\u015fikli\u011fi konusunda ve \u00f6zellikle gelecek jenerasyonlar i\u00e7in daha iyi ve ya\u015fanabilir bir habitat b\u0131rakmak konusunda b\u00fcy\u00fck sorumluluk almam\u0131z gerekti\u011finin bilincindeyiz. \u00c7evre y\u00f6netim sistemimiz kapsam\u0131nda, sera gaz\u0131 emisyonlar\u0131m\u0131z\u0131 \u00f6l\u00e7\u00fcyor, bu \u00f6l\u00e7\u00fcmlerin sonu\u00e7lar\u0131 ile uluslararas\u0131 standartlara uygun olacak \u015fekilde y\u0131ll\u0131k karbon ayakizimi hesapl\u0131yoruz. \u0130klim de\u011fi\u015fikli\u011fi stratejimizi ve sera gaz\u0131 emisyon verilerimizi uluslararas\u0131 platformlarda kamuoyuna a\u00e7\u0131k \u015fekilde if\u015fa ediyoruz. Bir yandan operasyonel talebi kar\u015f\u0131larken, bir yandan da iklim de\u011fi\u015fikli\u011fi \u00fczerindeki etkimizi azaltmak i\u00e7in sekt\u00f6rel en iyi uygulama ve en iyi teknolojilerin kullan\u0131m\u0131 ile karbon ayak izimizi m\u00fcmk\u00fcn oldu\u011funca azaltmak i\u00e7in yat\u0131r\u0131mlar\u0131m\u0131z\u0131 s\u00fcrd\u00fcrmeyi taahh\u00fct ediyoruz. Ayr\u0131ca, sera gaz\u0131 emisyonlar\u0131m\u0131z\u0131 en aza indirmek ad\u0131na operasyonlar\u0131m\u0131zda kaynak verimlili\u011fi, boru sonu \u00e7\u00f6z\u00fcmleri ve ileri emisyon kontrol teknolojileri uyguluyoruz.<\/p>\n[\/vc_column_text][\/vc_column][\/vc_row][vc_row css_animation=&#8221;fadeIn&#8221;][vc_column]<div id=\"ultimate-heading-108869ef8d7e94dc5\" class=\"uvc-heading ult-adjust-bottom-margin ultimate-heading-108869ef8d7e94dc5 uvc-2186 \" data-hspacer=\"no_spacer\"  data-halign=\"left\" style=\"text-align:left\"><div class=\"uvc-heading-spacer no_spacer\" style=\"top\"><\/div><div class=\"uvc-main-heading ult-responsive\"  data-ultimate-target='.uvc-heading.ultimate-heading-108869ef8d7e94dc5 h2'  data-responsive-json-new='{\"font-size\":\"\",\"line-height\":\"\"}' ><h2 style=\"font-weight:normal;color:#025e9e;\">HAVA EM\u0130SYONLARI<\/h2><\/div><\/div><div class=\"ult-spacer spacer-69ef8d7e94dfa\" data-id=\"69ef8d7e94dfa\" data-height=\"20\" data-height-mobile=\"20\" data-height-tab=\"20\" data-height-tab-portrait=\"\" data-height-mobile-landscape=\"\" style=\"clear:both;display:block;\"><\/div>[vc_column_text css_animation=&#8221;fadeIn&#8221;]\n<p style=\"text-align: justify;\">ENKA olarak, faaliyetlerimizden kaynaklanabilecek hava emisyonlar\u0131n\u0131 \u00f6nceden belirliyoruz. Sonras\u0131nda, uygun planlama, m\u00fchendislik ve azalt\u0131m \u00e7al\u0131\u015fmalar\u0131n\u0131 hayata ge\u00e7irerek, \u00e7evrenin korundu\u011fundan, emisyonlar\u0131n ulusal ve uluslararas\u0131 mevzuat\u0131n ve ana kontrat gereksinimlerini kar\u015f\u0131lad\u0131\u011f\u0131ndan emin oluyoruz. PM10, PM2.5,\u00a0NOx, SOx, sera gazlar\u0131 ve ozon delici gazlar\u0131n emisyonlar\u0131n\u0131n azalt\u0131lmas\u0131 i\u00e7in en iyi teknolojileri de\u011ferlendiriyoruz.. S\u00fcrekli emisyon izleme sistemleri ve noktasal \u00f6l\u00e7\u00fcm de dahil olmak \u00fczere farkl\u0131 izleme teknikleri kullan\u0131larak emisyonlar\u0131n y\u00f6netmeliklerde belirlenmi\u015f s\u0131n\u0131rlar\u0131n alt\u0131nda oldu\u011fundan emin oluyoruz.<\/p>\n[\/vc_column_text][\/vc_column][\/vc_row][vc_row css_animation=&#8221;fadeIn&#8221;][vc_column]<div id=\"ultimate-heading-211469ef8d7e94e1f\" class=\"uvc-heading ult-adjust-bottom-margin ultimate-heading-211469ef8d7e94e1f uvc-3316 \" data-hspacer=\"no_spacer\"  data-halign=\"left\" style=\"text-align:left\"><div class=\"uvc-heading-spacer no_spacer\" style=\"top\"><\/div><div class=\"uvc-main-heading ult-responsive\"  data-ultimate-target='.uvc-heading.ultimate-heading-211469ef8d7e94e1f h2'  data-responsive-json-new='{\"font-size\":\"\",\"line-height\":\"\"}' ><h2 style=\"font-weight:normal;color:#025e9e;\">DO\u011eAL KAYNAK T\u00dcKET\u0130M\u0130<\/h2><\/div><\/div><div class=\"ult-spacer spacer-69ef8d7e94e54\" data-id=\"69ef8d7e94e54\" data-height=\"20\" data-height-mobile=\"20\" data-height-tab=\"20\" data-height-tab-portrait=\"\" data-height-mobile-landscape=\"\" style=\"clear:both;display:block;\"><\/div>[vc_column_text css_animation=&#8221;fadeIn&#8221;]\n<p style=\"text-align: justify;\">Do\u011fal kaynaklar\u0131n s\u0131n\u0131rl\u0131 oldu\u011funun bilincinde olarak, ilgili ulusal ve uluslararas\u0131 mevzuata uyumlu hareket ediyor ve kaynaklar\u0131n korunmas\u0131 i\u00e7in aksiyonlar al\u0131yoruz. Uygun planlama, sorumlu i\u015f yap\u0131\u015f\u0131 ve yeterli seviyede izleme ile do\u011fal kaynaklar\u0131n gerekti\u011finden fazla t\u00fcketilmedi\u011finden emin oluyoruz.<\/p>\n[\/vc_column_text][\/vc_column][\/vc_row][vc_row css_animation=&#8221;fadeIn&#8221;][vc_column width=&#8221;2\/3&#8243;]<div id=\"ultimate-heading-744569ef8d7e94e79\" class=\"uvc-heading ult-adjust-bottom-margin ultimate-heading-744569ef8d7e94e79 uvc-9312 \" data-hspacer=\"no_spacer\"  data-halign=\"left\" style=\"text-align:left\"><div class=\"uvc-heading-spacer no_spacer\" style=\"top\"><\/div><div class=\"uvc-main-heading ult-responsive\"  data-ultimate-target='.uvc-heading.ultimate-heading-744569ef8d7e94e79 h2'  data-responsive-json-new='{\"font-size\":\"\",\"line-height\":\"\"}' ><h2 style=\"font-weight:normal;color:#025e9e;\">SU Y\u00d6NET\u0130M\u0130 &amp; SU AYAK \u0130Z\u0130<\/h2><\/div><\/div><div class=\"ult-spacer spacer-69ef8d7e94eaf\" data-id=\"69ef8d7e94eaf\" data-height=\"20\" data-height-mobile=\"20\" data-height-tab=\"20\" data-height-tab-portrait=\"\" data-height-mobile-landscape=\"\" style=\"clear:both;display:block;\"><\/div>[vc_column_text css_animation=&#8221;fadeIn&#8221;]\n<p style=\"text-align: justify;\">\u201cSu Hayatt\u0131r\u201d felsefesine inanarak ve t\u00fcm gerekli ulusal y\u00f6netmeliklere uyarak do\u011fal su kaynaklar\u0131n\u0131n korunmas\u0131 i\u00e7in elimizden gelenin en iyisini yap\u0131yoruz. \u00c7ekti\u011fimiz ve de\u015farj etti\u011fimiz suyun miktar\u0131n\u0131 kay\u0131t alt\u0131na al\u0131yor, su t\u00fcketimini azaltmak ve suyun geri d\u00f6n\u00fc\u015f\u00fcm\u00fc \/ yeniden kullan\u0131m\u0131n\u0131 artt\u0131rmak ad\u0131na uygun prosed\u00fcrleri hayata ge\u00e7irmek i\u00e7in f\u0131rsatlar\u0131 de\u011ferlendiriyoruz.<\/p>\n[\/vc_column_text][\/vc_column][vc_column width=&#8221;1\/3&#8243;][vc_single_image image=&#8221;458&#8243; img_size=&#8221;full&#8221; alignment=&#8221;right&#8221; css_animation=&#8221;fadeIn&#8221;][\/vc_column][\/vc_row][vc_row css_animation=&#8221;fadeIn&#8221;][vc_column]<div id=\"ultimate-heading-157369ef8d7e94ed3\" class=\"uvc-heading ult-adjust-bottom-margin ultimate-heading-157369ef8d7e94ed3 uvc-1913 \" data-hspacer=\"no_spacer\"  data-halign=\"left\" style=\"text-align:left\"><div class=\"uvc-heading-spacer no_spacer\" style=\"top\"><\/div><div class=\"uvc-main-heading ult-responsive\"  data-ultimate-target='.uvc-heading.ultimate-heading-157369ef8d7e94ed3 h2'  data-responsive-json-new='{\"font-size\":\"\",\"line-height\":\"\"}' ><h2 style=\"font-weight:normal;color:#025e9e;\">B\u0130YO\u00c7E\u015e\u0130TL\u0130L\u0130\u011e\u0130N KORUNMASI<\/h2><\/div><\/div><div class=\"ult-spacer spacer-69ef8d7e94f07\" data-id=\"69ef8d7e94f07\" data-height=\"20\" data-height-mobile=\"20\" data-height-tab=\"20\" data-height-tab-portrait=\"\" data-height-mobile-landscape=\"\" style=\"clear:both;display:block;\"><\/div>[vc_column_text]\n<p style=\"text-align: justify;\">Do\u011fal hayata sayg\u0131 duyuyor ve \u00e7al\u0131\u015ft\u0131\u011f\u0131m\u0131z her yerde biyolojik \u00e7e\u015fitlili\u011fi korumak i\u00e7in b\u00fcy\u00fck \u00f6zen g\u00f6steriyoruz. Endemik t\u00fcrlere ise \u00f6zel ilgi g\u00f6steriyoruz. Biyo\u00e7e\u015fitlili\u011fi destekliyoruz ve korumak i\u00e7in ilgili STK&#8217;larla birlikte \u00e7al\u0131\u015f\u0131yoruz. Flora ve fauna \u00fczerindeki etkilerimizi azaltmak i\u00e7in t\u00fcm operasyonlar\u0131m\u0131z\u0131n bulundu\u011fu lokasyonlarda biyolojik \u00e7e\u015fitlilik eylem planlar\u0131 geli\u015ftiriyoruz.<\/p>\n[\/vc_column_text][\/vc_column][\/vc_row][vc_row css_animation=&#8221;fadeIn&#8221;][vc_column css=&#8221;.vc_custom_1545901524104{margin-top: 0px !important;}&#8221;]<div id=\"ultimate-heading-714269ef8d7e94f2d\" class=\"uvc-heading ult-adjust-bottom-margin ultimate-heading-714269ef8d7e94f2d uvc-2638 \" data-hspacer=\"no_spacer\"  data-halign=\"left\" style=\"text-align:left\"><div class=\"uvc-heading-spacer no_spacer\" style=\"top\"><\/div><div class=\"uvc-main-heading ult-responsive\"  data-ultimate-target='.uvc-heading.ultimate-heading-714269ef8d7e94f2d h3'  data-responsive-json-new='{\"font-size\":\"\",\"line-height\":\"\"}' ><h3 style=\"font-weight:normal;color:#025e9e;\">B\u0130YO\u00c7E\u015e\u0130TL\u0130L\u0130K POL\u0130T\u0130KASI<\/h3><\/div><\/div><div class=\"ult-spacer spacer-69ef8d7e94f61\" data-id=\"69ef8d7e94f61\" data-height=\"20\" data-height-mobile=\"20\" data-height-tab=\"20\" data-height-tab-portrait=\"\" data-height-mobile-landscape=\"\" style=\"clear:both;display:block;\"><\/div>[\/vc_column][\/vc_row][vc_row css_animation=&#8221;fadeIn&#8221;][vc_column width=&#8221;2\/3&#8243; css=&#8221;.vc_custom_1545901524104{margin-top: 0px !important;}&#8221;][vc_column_text]\n<ul>\n<li>Biyo\u00e7e\u015fitlili\u011fin korunmas\u0131 i\u00e7in yeterli kayna\u011f\u0131 tahsis ediyoruz.<\/li>\n<li>\u0130lgili STK\u2019lar ve devlet otoriteleri ile biyo\u00e7e\u015fitlili\u011fin korunmas\u0131 i\u00e7in yak\u0131ndan \u00e7al\u0131\u015f\u0131yoruz.<\/li>\n<li>\u00c7al\u0131\u015fanlar\u0131m\u0131z\u0131n biyo\u00e7e\u015fitlili\u011fin \u00f6neminin fark\u0131nda olduklar\u0131ndan ve korunmas\u0131 ad\u0131na ilgili ad\u0131mlar\u0131 att\u0131klar\u0131ndan emin oluyoruz.<\/li>\n<li>Biyo\u00e7e\u015fitlilik y\u00f6netiminde yetkin ki\u015filerin rol ald\u0131\u011f\u0131ndan emin oluyoruz.<\/li>\n<li>Flora ve faunan\u0131n biyo\u00e7e\u015fitlilik detaylar\u0131, \u00e7evresel etki de\u011ferlendirmelerinde ve operasyonlar\u0131m\u0131z\u0131n lokasyonlar\u0131ndaki durum tespit raporlar\u0131nda a\u00e7\u0131k ve net bir \u015fekilde tan\u0131mlanmaktad\u0131r.<\/li>\n<li>\u00c7evresel etki de\u011ferlendirme ve durum tespit raporlar\u0131n\u0131n sonu\u00e7lar\u0131na ba\u011fl\u0131 olarak biyo\u00e7e\u015fitlilik aksiyon planlar\u0131 geli\u015ftirilmektedir.<\/li>\n<li>Faaliyetlerimizden potansiyel olarak etkilenebilecek endemik t\u00fcrlerin saptanmas\u0131 durumunda, m\u00fchendislik kontrolleri, izleme, \u00f6l\u00e7me, iyile\u015ftirme ve yeniden yerle\u015ftirme gibi uygun koruma \u00f6nlemlerinin al\u0131nd\u0131\u011f\u0131ndan emin oluyoruz.<\/li>\n<li>Operasyonlar\u0131m\u0131zda biyo\u00e7e\u015fitlili\u011fi, <a href=\"https:\/\/www.cbd.int\/sp\/targets\/\" target=\"_blank\" rel=\"noopener noreferrer\"><strong><span style=\"font-size: 14pt;\">Aichi Biyo\u00e7e\u015fitlilik Hedefleri<\/span><\/strong><\/a> ile uyumlu olarak y\u00f6netiyoruz.<\/li>\n<\/ul>\n[\/vc_column_text][\/vc_column][vc_column width=&#8221;1\/3&#8243;][vc_single_image image=&#8221;3611&#8243; img_size=&#8221;full&#8221;][\/vc_column][\/vc_row][vc_row css_animation=&#8221;fadeIn&#8221;][vc_column width=&#8221;3\/4&#8243;]<div id=\"ultimate-heading-421169ef8d7e94f85\" class=\"uvc-heading ult-adjust-bottom-margin ultimate-heading-421169ef8d7e94f85 uvc-8604 \" data-hspacer=\"no_spacer\"  data-halign=\"left\" style=\"text-align:left\"><div class=\"uvc-heading-spacer no_spacer\" style=\"top\"><\/div><div class=\"uvc-main-heading ult-responsive\"  data-ultimate-target='.uvc-heading.ultimate-heading-421169ef8d7e94f85 h2'  data-responsive-json-new='{\"font-size\":\"\",\"line-height\":\"\"}' ><h2 style=\"font-weight:normal;color:#025e9e;\">ATIK Y\u00d6NET\u0130M\u0130<\/h2><\/div><\/div><div class=\"ult-spacer spacer-69ef8d7e94fb7\" data-id=\"69ef8d7e94fb7\" data-height=\"20\" data-height-mobile=\"20\" data-height-tab=\"20\" data-height-tab-portrait=\"\" data-height-mobile-landscape=\"\" style=\"clear:both;display:block;\"><\/div>[vc_column_text]\n<p style=\"text-align: justify;\">ENKA\u2019da temel hedefimizle ba\u011flant\u0131l\u0131 olarak, birincil \u00f6nceli\u011fimiz at\u0131k \u00fcretiminin \u00f6nlenmesi olacak \u015fekilde entegre bir At\u0131k Y\u00f6netimi yakla\u015f\u0131m\u0131 kullan\u0131yoruz. At\u0131k \u00fcretimini \u00f6nleyemedi\u011fimiz durumlarda, at\u0131k hiyerar\u015fisindeki ad\u0131mlar\u0131 takip ederek di\u011fer se\u00e7eneklerimizi se\u00e7iyoruz. T\u00fcm faaliyetlerimizin etki de\u011ferlendirmeleri \u0131\u015f\u0131\u011f\u0131nda, \u201cAt\u0131\u011f\u0131 Kayna\u011f\u0131nda Azaltma\u201d hedefi ile kurulan At\u0131k Y\u00f6netim Planlar\u0131 geli\u015ftiriyor ve sonras\u0131nda, at\u0131klar\u0131 azaltmak ve etkilerini en aza indirmek amac\u0131 ile; Azalt, Yeniden Kullan, Geri D\u00f6n\u00fc\u015ft\u00fcr ilkelerini uyguluyoruz. Son olarak uygun metodolojiyi takip ederek at\u0131klar\u0131m\u0131z\u0131n bertaraf\u0131n\u0131 sa\u011fl\u0131yoruz. Plastik \u015fi\u015felerin kullan\u0131m\u0131n\u0131 yasaklayarak ve plastik \u00fcr\u00fcnleri alternatifleri ile de\u011fi\u015ftirerek plastik at\u0131k azaltma yolunda \u00f6nemli ad\u0131mlar at\u0131yoruz.<\/p>\n[\/vc_column_text][\/vc_column][vc_column width=&#8221;1\/4&#8243;][vc_single_image image=&#8221;442&#8243; img_size=&#8221;full&#8221; alignment=&#8221;right&#8221; css_animation=&#8221;fadeIn&#8221;][\/vc_column][\/vc_row][vc_row css_animation=&#8221;fadeIn&#8221;][vc_column width=&#8221;1\/3&#8243;][vc_single_image image=&#8221;3553&#8243; img_size=&#8221;full&#8221;][\/vc_column][vc_column width=&#8221;2\/3&#8243;]<div id=\"ultimate-heading-842969ef8d7e94fe2\" class=\"uvc-heading ult-adjust-bottom-margin ultimate-heading-842969ef8d7e94fe2 uvc-2442 \" data-hspacer=\"no_spacer\"  data-halign=\"left\" style=\"text-align:left\"><div class=\"uvc-heading-spacer no_spacer\" style=\"top\"><\/div><div class=\"uvc-main-heading ult-responsive\"  data-ultimate-target='.uvc-heading.ultimate-heading-842969ef8d7e94fe2 h2'  data-responsive-json-new='{\"font-size\":\"\",\"line-height\":\"\"}' ><h2 style=\"font-weight:normal;color:#025e9e;\">TOPRAK Y\u00d6NET\u0130M\u0130<\/h2><\/div><\/div><div class=\"ult-spacer spacer-69ef8d7e95014\" data-id=\"69ef8d7e95014\" data-height=\"20\" data-height-mobile=\"20\" data-height-tab=\"20\" data-height-tab-portrait=\"\" data-height-mobile-landscape=\"\" style=\"clear:both;display:block;\"><\/div>[vc_column_text]\n<p style=\"text-align: justify;\">Toprak kirlili\u011finin \u00f6nlenmesi ve nebati topra\u011f\u0131n korunmas\u0131, toprak y\u00f6netiminde ilk \u00f6nceli\u011fimizdir. \u00c7al\u0131\u015ft\u0131\u011f\u0131m\u0131z lokasyonlarda nebati topra\u011f\u0131 d\u00fczg\u00fcn bir \u015fekilde ay\u0131r\u0131yor, sakl\u0131yor ve sonras\u0131nda eski haline gelecek \u015fekilde yerine koyarak koruyoruz. Kirlilik durumunda uygun etki azalt\u0131m \u00e7al\u0131\u015fmalar\u0131n\u0131 hayata ge\u00e7iriyoruz. T\u00fcm kaz\u0131 operasyonlar\u0131m\u0131zda, topra\u011f\u0131n t\u00fcr\u00fcn\u00fc ve durumunu dikkate alarak projeye \u00f6zg\u00fc kaz\u0131 planlar\u0131na uygun olarak hareket ediyoruz.<\/p>\n[\/vc_column_text][\/vc_column][\/vc_row][vc_row css_animation=&#8221;fadeIn&#8221;][vc_column width=&#8221;2\/3&#8243;]<div id=\"ultimate-heading-697769ef8d7e95038\" class=\"uvc-heading ult-adjust-bottom-margin ultimate-heading-697769ef8d7e95038 uvc-8186 \" data-hspacer=\"no_spacer\"  data-halign=\"left\" style=\"text-align:left\"><div class=\"uvc-heading-spacer no_spacer\" style=\"top\"><\/div><div class=\"uvc-main-heading ult-responsive\"  data-ultimate-target='.uvc-heading.ultimate-heading-697769ef8d7e95038 h2'  data-responsive-json-new='{\"font-size\":\"\",\"line-height\":\"\"}' ><h2 style=\"font-weight:normal;color:#025e9e;\">ULUSLARARASI STANDARTLARA UYUM<\/h2><\/div><\/div><div class=\"ult-spacer spacer-69ef8d7e95069\" data-id=\"69ef8d7e95069\" data-height=\"20\" data-height-mobile=\"20\" data-height-tab=\"20\" data-height-tab-portrait=\"\" data-height-mobile-landscape=\"\" style=\"clear:both;display:block;\"><\/div>[vc_column_text]\n<p style=\"text-align: justify;\">\u00c7evresel Y\u00f6netim Sistemimiz ISO 14001:2015 \u00c7evresel Y\u00f6netim Sistemleri Standard\u0131 ile tam uyumludur. \u0130lk olarak 2002\u2019de alm\u0131\u015f oldu\u011fumuz sertifikam\u0131z, her sene Brisith Standards Institute (BSI) taraf\u0131ndan ger\u00e7ekle\u015ftirilen rutin denetimler sonras\u0131nda onaylan\u0131p yenilenmektedir. Son denetimlerin sonucu olarak, ISO 14001 Standard\u0131\u2019n\u0131n en g\u00fcncel 2015 revizyonuna olan ge\u00e7i\u015fimizi sa\u011flam\u0131\u015f bulunmaktay\u0131z.<\/p>\n[\/vc_column_text]<div id=\"ultimate-heading-945969ef8d7e9508d\" class=\"uvc-heading ult-adjust-bottom-margin ultimate-heading-945969ef8d7e9508d uvc-6739 \" data-hspacer=\"no_spacer\"  data-halign=\"left\" style=\"text-align:left\"><div class=\"uvc-heading-spacer no_spacer\" style=\"top\"><\/div><div class=\"uvc-main-heading ult-responsive\"  data-ultimate-target='.uvc-heading.ultimate-heading-945969ef8d7e9508d h2'  data-responsive-json-new='{\"font-size\":\"\",\"line-height\":\"\"}' ><h2 style=\"font-weight:normal;color:#025e9e;\">\u00c7EVRESEL AC\u0130L DURUM &amp; KAZA Y\u00d6NET\u0130M\u0130<\/h2><\/div><\/div><div class=\"ult-spacer spacer-69ef8d7e950c0\" data-id=\"69ef8d7e950c0\" data-height=\"20\" data-height-mobile=\"20\" data-height-tab=\"20\" data-height-tab-portrait=\"\" data-height-mobile-landscape=\"\" style=\"clear:both;display:block;\"><\/div>[vc_column_text]\n<p style=\"text-align: justify;\">\u00c7evresel acil durum ve kazalara y\u00f6nelik acil m\u00fcdahalelerimizi haz\u0131rl\u0131yor, planl\u0131yor ve test ediyoruz. \u00c7evresel kazalar\u0131, sebeplerini belirlemek ve bir daha asla ya\u015fanmayacaklar\u0131ndan emin olabilmek i\u00e7in bir f\u0131rsat olarak g\u00f6r\u00fcyoruz. Bu ama\u00e7la, b\u00fcy\u00fckl\u00fc\u011f\u00fc ne olursa olsun, t\u00fcm \u00e7evresel kazalar\u0131 ayr\u0131nt\u0131l\u0131 olarak ara\u015ft\u0131r\u0131p raporluyoruz. Soru\u015fturma s\u00fcreci sonras\u0131nda, kazan\u0131lan dersler, \u015firketin t\u00fcm kademelerinde gerekli \u00f6nlemlerin al\u0131nmas\u0131n\u0131 sa\u011flamak ad\u0131na proje y\u00f6netimi, y\u00fcr\u00fctme gruplar\u0131 ve kurumsal y\u00f6netim ile payla\u015f\u0131lmaktad\u0131r.<\/p>\n[\/vc_column_text][\/vc_column][vc_column width=&#8221;1\/3&#8243;][vc_single_image image=&#8221;14717&#8243; img_size=&#8221;full&#8221; style=&#8221;vc_box_shadow_3d&#8221; onclick=&#8221;img_link_large&#8221; css=&#8221;&#8221;][\/vc_column][\/vc_row][vc_row css_animation=&#8221;fadeIn&#8221;][vc_column width=&#8221;1\/3&#8243;][vc_single_image image=&#8221;3569&#8243; img_size=&#8221;full&#8221;][\/vc_column][vc_column width=&#8221;2\/3&#8243;]<div id=\"ultimate-heading-521469ef8d7e950e4\" class=\"uvc-heading ult-adjust-bottom-margin ultimate-heading-521469ef8d7e950e4 uvc-6607 \" data-hspacer=\"no_spacer\"  data-halign=\"left\" style=\"text-align:left\"><div class=\"uvc-heading-spacer no_spacer\" style=\"top\"><\/div><div class=\"uvc-main-heading ult-responsive\"  data-ultimate-target='.uvc-heading.ultimate-heading-521469ef8d7e950e4 h2'  data-responsive-json-new='{\"font-size\":\"\",\"line-height\":\"\"}' ><h2 style=\"font-weight:normal;color:#025e9e;\">\u00c7EVRESEL PERFORMANS \u0130ZLEME<\/h2><\/div><\/div><div class=\"ult-spacer spacer-69ef8d7e95115\" data-id=\"69ef8d7e95115\" data-height=\"20\" data-height-mobile=\"20\" data-height-tab=\"20\" data-height-tab-portrait=\"\" data-height-mobile-landscape=\"\" style=\"clear:both;display:block;\"><\/div>[vc_column_text]\n<p style=\"text-align: justify;\">T\u00fcm operasyonlar\u0131m\u0131z i\u00e7in <strong><span style=\"font-size: 14pt;\"><a href=\"https:\/\/www.enka.com\/sustainability\/tr\/surdurulebilirlik-hedefleri#smart-hedefler\" target=\"_blank\" rel=\"noopener noreferrer\">SMART hedefler<\/a><\/span><\/strong> ve kilit performans g\u00f6stergeleri belirliyor, ger\u00e7ek performans\u0131m\u0131z\u0131 bu hedeflere g\u00f6re \u00f6l\u00e7\u00fcyoruz. Hedefimiz ve ger\u00e7ek performans\u0131m\u0131z aras\u0131nda fark oldu\u011fu durumlarda, iyile\u015ftirme planlar\u0131 haz\u0131rl\u0131yor ve uyguluyoruz. \u00c7evresel performans\u0131m\u0131z\u0131 payda\u015flara, ilgili taraflara ve kamuoyuna \u015feffaf olarak bildiriyoruz.<\/p>\n[\/vc_column_text]<div id=\"ultimate-heading-728769ef8d7e95138\" class=\"uvc-heading ult-adjust-bottom-margin ultimate-heading-728769ef8d7e95138 uvc-9551 \" data-hspacer=\"no_spacer\"  data-halign=\"left\" style=\"text-align:left\"><div class=\"uvc-heading-spacer no_spacer\" style=\"top\"><\/div><div class=\"uvc-main-heading ult-responsive\"  data-ultimate-target='.uvc-heading.ultimate-heading-728769ef8d7e95138 h2'  data-responsive-json-new='{\"font-size\":\"\",\"line-height\":\"\"}' ><h2 style=\"font-weight:normal;color:#025e9e;\">\u00c7EVRE DENET\u0130MLER\u0130<\/h2><\/div><\/div><div class=\"ult-spacer spacer-69ef8d7e95168\" data-id=\"69ef8d7e95168\" data-height=\"20\" data-height-mobile=\"20\" data-height-tab=\"20\" data-height-tab-portrait=\"\" data-height-mobile-landscape=\"\" style=\"clear:both;display:block;\"><\/div>[vc_column_text]\n<p style=\"text-align: justify;\">\u0130lgili gerekliliklere uyumumuzdan emin olmak ad\u0131na t\u00fcm operasyonlar\u0131m\u0131zda d\u00fczenli olarak \u00e7evre denetimleri ger\u00e7ekle\u015ftiriyoruz. Ta\u015feron ve tedarik\u00e7i operasyonlar\u0131 da denetimlerimize dahil edilmektedir. Her bir ta\u015feron ve tedarik\u00e7i i\u00e7in se\u00e7im s\u00fcrecinde ve faaliyetlerin ba\u015flang\u0131c\u0131nda bir \u00f6n \u00e7evresel ara\u015ft\u0131rma yap\u0131lmaktad\u0131r. Se\u00e7ilen her tedarik\u00e7i i\u00e7in, takip eden i\u015flemler s\u0131ras\u0131nda kontrol denetimleri ger\u00e7ekle\u015ftirilir. \u00c7evresel performans, ta\u015feron \/ tedarik\u00e7i performans de\u011ferlendirme s\u00fcrecinde \u00f6nemli bir kriterdir.<\/p>\n[\/vc_column_text][\/vc_column][\/vc_row][vc_row][vc_column]<div id=\"ultimate-heading-965169ef8d7e9518b\" class=\"uvc-heading ult-adjust-bottom-margin ultimate-heading-965169ef8d7e9518b uvc-1579 \" data-hspacer=\"no_spacer\"  data-halign=\"left\" style=\"text-align:left\"><div class=\"uvc-heading-spacer no_spacer\" style=\"top\"><\/div><div class=\"uvc-main-heading ult-responsive\"  data-ultimate-target='.uvc-heading.ultimate-heading-965169ef8d7e9518b h2'  data-responsive-json-new='{\"font-size\":\"\",\"line-height\":\"\"}' ><h2 style=\"font-weight:normal;color:#025e9e;\">Y\u00d6NET\u0130M G\u00d6ZDEN GE\u00c7\u0130RMES\u0130<\/h2><\/div><\/div><div class=\"ult-spacer spacer-69ef8d7e951bb\" data-id=\"69ef8d7e951bb\" data-height=\"20\" data-height-mobile=\"20\" data-height-tab=\"20\" data-height-tab-portrait=\"\" data-height-mobile-landscape=\"\" style=\"clear:both;display:block;\"><\/div>[vc_column_text]\n<p style=\"text-align: justify;\">Sistemimizin s\u00fcrekli iyile\u015ftirilmesini sa\u011flamak ad\u0131na y\u00f6netim sistemimizi ve \u00e7evresel performans\u0131m\u0131z\u0131 y\u0131ll\u0131k olarak detayl\u0131 olarak g\u00f6zden ge\u00e7iriyor, iyile\u015ftirme alanlar\u0131n\u0131 tespit ediyor ve uygun \u00f6nlemleri zaman\u0131nda al\u0131yoruz.<\/p>\n[\/vc_column_text][\/vc_column][\/vc_row][vc_row full_width=&#8221;stretch_row_content_no_spaces&#8221;][vc_column]<div id=\"ultimate-heading-214969ef8d7e951de\" class=\"uvc-heading ult-adjust-bottom-margin ultimate-heading-214969ef8d7e951de uvc-9468 \" data-hspacer=\"no_spacer\"  data-halign=\"center\" style=\"text-align:center\"><div class=\"uvc-heading-spacer no_spacer\" style=\"top\"><\/div><div class=\"uvc-main-heading ult-responsive\"  data-ultimate-target='.uvc-heading.ultimate-heading-214969ef8d7e951de h2'  data-responsive-json-new='{\"font-size\":\"\",\"line-height\":\"\"}' ><h2 style=\"font-weight:normal;color:#025e9e;\">\u00c7EVRE POL\u0130T\u0130KASI B\u0130LD\u0130R\u0130M\u0130<\/h2><\/div><\/div><div class=\"ult-spacer spacer-69ef8d7e9520d\" data-id=\"69ef8d7e9520d\" data-height=\"20\" data-height-mobile=\"20\" data-height-tab=\"20\" data-height-tab-portrait=\"\" data-height-mobile-landscape=\"\" style=\"clear:both;display:block;\"><\/div>[\/vc_column][\/vc_row][vc_row][vc_column width=&#8221;1\/4&#8243;][vc_single_image image=&#8221;252&#8243; img_size=&#8221;full&#8221; alignment=&#8221;center&#8221; style=&#8221;vc_box_shadow_3d&#8221; onclick=&#8221;custom_link&#8221; img_link_target=&#8221;_blank&#8221; css_animation=&#8221;fadeIn&#8221; link=&#8221;https:\/\/www.enka.com\/allfiles\/media\/posters\/HSSE_POLICY_TR.pdf&#8221;][vc_btn title=&#8221;T\u00dcRK\u00c7E&#8221; style=&#8221;outline&#8221; shape=&#8221;square&#8221; color=&#8221;green&#8221; align=&#8221;center&#8221; i_icon_fontawesome=&#8221;fas fa-file-pdf&#8221; button_block=&#8221;true&#8221; add_icon=&#8221;true&#8221; link=&#8221;url:http%3A%2F%2Fwww.enka.com%2Fallfiles%2Fmedia%2Fposters%2FHSSE_POLICY_TR.pdf||target:%20_blank|&#8221;][\/vc_column][vc_column width=&#8221;1\/4&#8243;][vc_single_image image=&#8221;250&#8243; img_size=&#8221;full&#8221; alignment=&#8221;center&#8221; style=&#8221;vc_box_shadow_3d&#8221; onclick=&#8221;custom_link&#8221; img_link_target=&#8221;_blank&#8221; css_animation=&#8221;fadeIn&#8221; link=&#8221;https:\/\/www.enka.com\/allfiles\/media\/posters\/HSSE_POLICY_ENG.pdf&#8221;][vc_btn title=&#8221;\u0130NG\u0130L\u0130ZCE&#8221; style=&#8221;outline&#8221; shape=&#8221;square&#8221; color=&#8221;green&#8221; align=&#8221;center&#8221; i_icon_fontawesome=&#8221;fas fa-file-pdf&#8221; button_block=&#8221;true&#8221; add_icon=&#8221;true&#8221; link=&#8221;url:http%3A%2F%2Fwww.enka.com%2Fallfiles%2Fmedia%2Fposters%2FHSSE_POLICY_ENG.pdf||target:%20_blank|&#8221;][\/vc_column][vc_column width=&#8221;1\/4&#8243;][vc_single_image image=&#8221;251&#8243; img_size=&#8221;full&#8221; alignment=&#8221;center&#8221; style=&#8221;vc_box_shadow_3d&#8221; onclick=&#8221;custom_link&#8221; img_link_target=&#8221;_blank&#8221; css_animation=&#8221;fadeIn&#8221; link=&#8221;https:\/\/www.enka.com\/sustainability\/wp-content\/uploads\/2018\/02\/HSSE_POLICY_RUS.pdf&#8221;][vc_btn title=&#8221;RUS\u00c7A&#8221; style=&#8221;outline&#8221; shape=&#8221;square&#8221; color=&#8221;green&#8221; align=&#8221;center&#8221; i_icon_fontawesome=&#8221;fas fa-file-pdf&#8221; button_block=&#8221;true&#8221; add_icon=&#8221;true&#8221; link=&#8221;url:http%3A%2F%2Fwww.enka.com%2Fallfiles%2Fmedia%2Fposters%2FHSSE_POLICY_RUS.pdf||target:%20_blank|&#8221;][\/vc_column][vc_column width=&#8221;1\/4&#8243;][vc_single_image image=&#8221;8547&#8243; img_size=&#8221;full&#8221; alignment=&#8221;center&#8221; style=&#8221;vc_box_shadow_3d&#8221; onclick=&#8221;custom_link&#8221; img_link_target=&#8221;_blank&#8221; css_animation=&#8221;fadeIn&#8221; link=&#8221;https:\/\/www.enka.com\/sustainability\/wp-content\/uploads\/2018\/02\/HSSE_POLICY_ARAB.pdf&#8221;][vc_btn title=&#8221;ARAP\u00c7A&#8221; style=&#8221;outline&#8221; shape=&#8221;square&#8221; color=&#8221;green&#8221; align=&#8221;center&#8221; i_icon_fontawesome=&#8221;fas fa-file-pdf&#8221; button_block=&#8221;true&#8221; add_icon=&#8221;true&#8221; link=&#8221;url:http%3A%2F%2Fwww.enka.com%2Fallfiles%2Fmedia%2Fposters%2FHSSE_POLICY_ARAB.pdf||target:%20_blank|&#8221;][\/vc_column][\/vc_row]\n<\/div>","protected":false},"excerpt":{"rendered":"<p>[vc_row full_width=&#8221;stretch_row_content_no_spaces&#8221; css_animation=&#8221;fadeIn&#8221;][vc_column][\/vc_column][\/vc_row][vc_row css_animation=&#8221;fadeIn&#8221;][vc_column][vc_column_text css_animation=&#8221;fadeIn&#8221;] ENKA olarak temel amac\u0131m\u0131z, faaliyet g\u00f6sterdi\u011fimiz t\u00fcm lokasyonlarda \u00e7evreye \u201cS\u0131f\u0131r Zarar\u201d vermektir. Bu amaca ula\u015fmak ve s\u00fcrd\u00fcr\u00fclebilir bir gelecek i\u00e7in ilgili S\u00fcrd\u00fcr\u00fclebilir Kalk\u0131nma Hedeflerine hizmet etmek ad\u0131na; Operasyonlar\u0131m\u0131z\u0131n potansiyel \u00e7evresel etkilerini i\u015fin ba\u015f\u0131nda de\u011ferlendiriyoruz, Faaliyetlerimizi, belirlenen etkiler i\u00e7in yeterli etki azalt\u0131c\u0131 \u00f6nlemleri g\u00f6z \u00f6n\u00fcnde bulundurarak planl\u0131yoruz, ilgili ulusal ve uluslararas\u0131 <a class=\"more-link\" href=\"https:\/\/www.enka.com\/sustainability\/tr\/anasayfa\/cevre-is-sagligi-guvenligi\/cevre-yonetimi-yaklasimi-ve-politikasi\/\">Continue reading <i class=\"fa fa-chevron-right\"><\/i><\/a><\/p>\n","protected":false},"author":1,"featured_media":2499,"parent":614,"menu_order":0,"comment_status":"closed","ping_status":"closed","template":"","meta":{"_acf_changed":false,"inline_featured_image":false,"footnotes":""},"class_list":["post-620","page","type-page","status-publish","has-post-thumbnail","hentry"],"aioseo_notices":[],"acf":[],"_links":{"self":[{"href":"https:\/\/www.enka.com\/sustainability\/tr\/wp-json\/wp\/v2\/pages\/620","targetHints":{"allow":["GET"]}}],"collection":[{"href":"https:\/\/www.enka.com\/sustainability\/tr\/wp-json\/wp\/v2\/pages"}],"about":[{"href":"https:\/\/www.enka.com\/sustainability\/tr\/wp-json\/wp\/v2\/types\/page"}],"author":[{"embeddable":true,"href":"https:\/\/www.enka.com\/sustainability\/tr\/wp-json\/wp\/v2\/users\/1"}],"replies":[{"embeddable":true,"href":"https:\/\/www.enka.com\/sustainability\/tr\/wp-json\/wp\/v2\/comments?post=620"}],"version-history":[{"count":0,"href":"https:\/\/www.enka.com\/sustainability\/tr\/wp-json\/wp\/v2\/pages\/620\/revisions"}],"up":[{"embeddable":true,"href":"https:\/\/www.enka.com\/sustainability\/tr\/wp-json\/wp\/v2\/pages\/614"}],"wp:featuredmedia":[{"embeddable":true,"href":"https:\/\/www.enka.com\/sustainability\/tr\/wp-json\/wp\/v2\/media\/2499"}],"wp:attachment":[{"href":"https:\/\/www.enka.com\/sustainability\/tr\/wp-json\/wp\/v2\/media?parent=620"}],"curies":[{"name":"wp","href":"https:\/\/api.w.org\/{rel}","templated":true}]}}