{"id":25365,"date":"2015-06-21T14:37:36","date_gmt":"2015-06-21T12:37:36","guid":{"rendered":"http:\/\/172.30.28.12\/en\/tr\/professionals\/"},"modified":"2023-06-16T16:23:47","modified_gmt":"2023-06-16T13:23:47","slug":"profesyoneller","status":"publish","type":"page","link":"https:\/\/www.enka.com\/tr\/merkez-gruplari\/insan-kaynaklari\/mesleki-gelisim\/profesyoneller\/","title":{"rendered":"PROFESYONELLER"},"content":{"rendered":"<div class=\"wpb-content-wrapper\">[vc_row][vc_column]<div id=\"ultimate-heading-176069eb27441e024\" class=\"uvc-heading ult-adjust-bottom-margin ultimate-heading-176069eb27441e024 uvc-3493 \" data-hspacer=\"no_spacer\"  data-halign=\"center\" style=\"text-align:center\"><div class=\"uvc-heading-spacer no_spacer\" style=\"top\"><\/div><div class=\"uvc-main-heading ult-responsive\"  data-ultimate-target='.uvc-heading.ultimate-heading-176069eb27441e024 h1'  data-responsive-json-new='{\"font-size\":\"\",\"line-height\":\"\"}' ><h1 style=\"font-weight:bold;color:#025e9e;\">PROFESYONELLER<\/h1><\/div><\/div><div class=\"ult-spacer spacer-69eb27441e0fe\" data-id=\"69eb27441e0fe\" data-height=\"20\" data-height-mobile=\"20\" data-height-tab=\"20\" data-height-tab-portrait=\"\" data-height-mobile-landscape=\"\" style=\"clear:both;display:block;\"><\/div>[\/vc_column][\/vc_row][vc_row][vc_column][vc_column_text]\n<p style=\"text-align: justify;\"><span style=\"color: #1d386e; font-size: 18pt;\">Misyonumuza inan\u0131n, Vizyonumuzu payla\u015f\u0131n, ekibimize kat\u0131l\u0131n\u00a0!<\/span><\/p>\n<p style=\"text-align: justify;\">ENKA, yar\u0131m y\u00fczy\u0131ldan fazla bir s\u00fcredir m\u00fchendislik ve in\u015faat sekt\u00f6r\u00fcnde rekabet etmektedir. Cesur taahh\u00fctler yapmak i\u00e7in adanm\u0131\u015fl\u0131\u011f\u0131m\u0131z, zorluklar\u0131 yenme g\u00fcc\u00fcm\u00fcz ve arzumuz b\u00fcy\u00fcmemizi tetiklemi\u015f, m\u00fc\u015fterilerimizi g\u00fc\u00e7lendirmi\u015f ve faaliyet g\u00f6sterdi\u011fimiz \u00fclkeleri ileriye ta\u015f\u0131m\u0131\u015ft\u0131r. En karma\u015f\u0131k g\u00fc\u00e7l\u00fcklerin \u00fcstesinden gelmenin ve zorlu projeleri tamamlaman\u0131n tek yolunun y\u00fcksek potansiyele sahip ekiplerle birlikte \u00e7al\u0131\u015fmaya ba\u011fl\u0131 oldu\u011funa inanmaktay\u0131z. Biz, 60 y\u0131l\u0131 a\u015fk\u0131n s\u00fcredir yapt\u0131\u011f\u0131m\u0131z gibi ba\u015far\u0131m\u0131z\u0131 ve b\u00fcy\u00fcmemizi s\u00fcrd\u00fcrmek i\u00e7in her zaman yetenekli insanlar\u0131 aramaktay\u0131z ve y\u00fcksek potansiyele sahip ekip \u00fcyeleri ke\u015ffetmekteyiz.<\/p>\n<p>A\u015fa\u011f\u0131daki g\u00f6rsellerden kariyer sayfalar\u0131m\u0131za ve g\u00fcncel ilanlar\u0131m\u0131za ula\u015fabilir ve niteliklerinize uygun oldu\u011funu d\u00fc\u015f\u00fcnd\u00fc\u011f\u00fcn\u00fcz ilanlara ba\u015fvuruda bulunabilirsiniz.[\/vc_column_text][vc_row_inner][vc_column_inner width=&#8221;1\/5&#8243;][\/vc_column_inner][vc_column_inner width=&#8221;1\/5&#8243;][vc_single_image image=&#8221;73875&#8243; img_size=&#8221;100&#215;100&#8243; alignment=&#8221;center&#8221; onclick=&#8221;custom_link&#8221; img_link_target=&#8221;_blank&#8221; link=&#8221;https:\/\/www.kariyer.net\/firma-profil\/enka-5750-30633&#8243;][\/vc_column_inner][vc_column_inner width=&#8221;1\/5&#8243;][\/vc_column_inner][vc_column_inner width=&#8221;1\/5&#8243;][vc_single_image image=&#8221;73872&#8243; img_size=&#8221;100&#215;100&#8243; alignment=&#8221;center&#8221; onclick=&#8221;custom_link&#8221; img_link_target=&#8221;_blank&#8221; link=&#8221;https:\/\/www.linkedin.com\/company\/enka\/jobs\/?viewAsMember=true&#8221;][\/vc_column_inner][vc_column_inner width=&#8221;1\/5&#8243;][\/vc_column_inner][\/vc_row_inner]<div class=\"ult-spacer spacer-69eb27441e133\" data-id=\"69eb27441e133\" data-height=\"20\" data-height-mobile=\"20\" data-height-tab=\"20\" data-height-tab-portrait=\"\" data-height-mobile-landscape=\"\" style=\"clear:both;display:block;\"><\/div>[\/vc_column][\/vc_row][vc_row][vc_column][vc_tta_accordion style=&#8221;outline&#8221; shape=&#8221;square&#8221; color=&#8221;sky&#8221; spacing=&#8221;5&#8243; gap=&#8221;5&#8243; active_section=&#8221;0&#8243; no_fill=&#8221;true&#8221; collapsible_all=&#8221;true&#8221;][vc_tta_section title=&#8221;K\u0130\u015e\u0130SEL VER\u0130LER\u0130N \u0130\u015eLENMES\u0130NE \u0130L\u0130\u015eK\u0130N AYDINLATMA METN\u0130 (\u00c7al\u0131\u015fan Aday\u0131)&#8221; tab_id=&#8221;1524573155977-1b45e8c3-fa2c&#8221; el_class=&#8221;color=&#8220;#001e62&#8220;&#8221;][vc_column_text]\u0130\u015fbu Ki\u015fisel Ki\u015fisel Verilerin \u0130\u015flenmesine \u0130li\u015fkin Ayd\u0131nlatma Metni; sa\u011f \u00fcst kutucukta belirtilen ilgili ki\u015fi grubunun veri sorumlusu s\u0131fat\u0131n\u0131 haiz \u015firket taraf\u0131ndan tutulan verileri i\u00e7in ge\u00e7erlidir.<\/p>\n<p>&nbsp;<\/p>\n<ol>\n<li><strong> NEDEN BU METN\u0130 G\u00d6NDER\u0130YORUZ?<\/strong><\/li>\n<\/ol>\n<p><strong>\u00a0<\/strong><\/p>\n<p>ENKA \u0130n\u015faat ve Sanayi A.\u015e olarak, 6698 Say\u0131l\u0131 Ki\u015fisel Verilerin Korunmas\u0131 Kanunu (\u201cKVKK\u201d) ve 30356 say\u0131l\u0131 10.03.2018 tarihli Resmi Gazete\u2019de yay\u0131mlanan Ayd\u0131nlatma Y\u00fck\u00fcml\u00fcl\u00fc\u011f\u00fcn\u00fcn Yerine Getirilmesinde Uyulacak Usul ve Esaslar Hakk\u0131nda Tebli\u011f uyar\u0131nca, Veri Sorumlusu s\u0131fat\u0131yla haz\u0131rlanan i\u015fbu \u201cBilgilendirme\u201d yaz\u0131s\u0131 ile Sizlere, KVKK\u2019da yer alan \u201cVeri Sorumlusunun Ayd\u0131nlatma Y\u00fck\u00fcml\u00fcl\u00fc\u011f\u00fc\u201d ba\u015fl\u0131kl\u0131 10., \u201c\u0130lgili Ki\u015finin Haklar\u0131\u201d ba\u015fl\u0131kl\u0131 11. Ve Ayd\u0131nlatma Y\u00fck\u00fcml\u00fcl\u00fc\u011f\u00fcn\u00fcn Yerine Getirilmesinde Uyulacak Usul ve Esaslar Hakk\u0131nda Tebli\u011f\u2019de yer alan 4 ve 5. Maddeleri \u00e7er\u00e7evesinde; hangi ama\u00e7la ki\u015fisel verilerinizin i\u015flenece\u011fi, i\u015flenen ki\u015fisel verilerinizin kimlere ve hangi ama\u00e7la aktar\u0131labilece\u011fi, ki\u015fisel verilerinizin toplanmas\u0131n\u0131n y\u00f6ntemi ve hukuki sebebi ve KVKK\u2019n\u0131n 11. maddesinde say\u0131lan di\u011fer haklar\u0131n\u0131zla ilgili olarak bilgi vermek amac\u0131yla d\u00fczenlenmi\u015ftir.<\/p>\n<p>&nbsp;<\/p>\n<ol start=\"2\">\n<li><strong> HANG\u0130 KONULARDA AYDINLATMA YAPIYORUZ?<\/strong><\/li>\n<\/ol>\n<table width=\"0\">\n<tbody>\n<tr>\n<td width=\"416\">\u00b7\u00a0\u00a0\u00a0\u00a0\u00a0\u00a0\u00a0\u00a0 Hangi ki\u015fisel verilerinizin topland\u0131\u011f\u0131<\/p>\n<p>\u00b7\u00a0\u00a0\u00a0\u00a0\u00a0\u00a0\u00a0\u00a0 Ki\u015fisel Verilerinizin hangi ama\u00e7larla i\u015flendi\u011fi<\/p>\n<p>\u00b7\u00a0\u00a0\u00a0\u00a0\u00a0\u00a0\u00a0\u00a0 Ki\u015fisel Verilerinizin kimlerle ve hangi ama\u00e7larla payla\u015f\u0131ld\u0131\u011f\u0131<\/p>\n<p>\u00b7\u00a0\u00a0\u00a0\u00a0\u00a0\u00a0\u00a0\u00a0 Ki\u015fisel Verilerinizin toplanmas\u0131n\u0131n y\u00f6ntemi ve hukuki sebebi<\/td>\n<td width=\"312\">\u00b7\u00a0\u00a0\u00a0\u00a0\u00a0\u00a0\u00a0\u00a0 Verinizin imhas\u0131<\/p>\n<p>\u00b7\u00a0\u00a0\u00a0\u00a0\u00a0\u00a0\u00a0\u00a0 KVKK kapsam\u0131nda sahip oldu\u011funuz haklar<\/td>\n<\/tr>\n<\/tbody>\n<\/table>\n<p><strong>\u00a0<\/strong><\/p>\n<ol start=\"3\">\n<li><strong> HANG\u0130 K\u0130\u015e\u0130SEL VER\u0130LER\u0130N\u0130Z\u0130 \u0130\u015eL\u0130YORUZ?<\/strong><\/li>\n<\/ol>\n<p><strong>\u00a0<\/strong><\/p>\n<table class=\"table table-hover\">\n<tbody>\n<tr>\n<td width=\"172\"><strong>Kimlik Bilgileri<\/strong><\/td>\n<td width=\"490\">Ad\u0131n\u0131z, soyad\u0131n\u0131z, do\u011fum tarihiniz, cinsiyetiniz, medeni durumunuz, milliyetiniz<\/td>\n<\/tr>\n<tr>\n<td width=\"172\"><strong>\u0130leti\u015fim Bilgileri<\/strong><\/td>\n<td width=\"490\">Adres, e-posta adresi, telefon numaras\u0131<\/td>\n<\/tr>\n<tr>\n<td width=\"172\"><strong>\u0130\u015flem G\u00fcvenli\u011fi<\/strong><\/td>\n<td width=\"490\">IP Adresi, \u0130nternet Sitesi Giri\u015f-\u00c7\u0131k\u0131\u015f Log Kay\u0131tlar\u0131, Sistem Log Kay\u0131tlar\u0131<\/td>\n<\/tr>\n<tr>\n<td width=\"172\"><strong>G\u00f6rsel ve \u0130\u015fitsel Veriler<\/strong><\/td>\n<td width=\"490\">Foto\u011fraf<\/td>\n<\/tr>\n<tr>\n<td width=\"172\"><strong>Mesleki Deneyim<\/strong><\/td>\n<td width=\"490\">\u0130\u015f deneyimi verisi, \u00e7al\u0131\u015fma durumu ve unvan\u0131, i\u015f deneyimleri (firma isimleri, \u00e7al\u0131\u015fm\u0131\u015f oldu\u011fu d\u00f6nemler, i\u015f tan\u0131m\u0131)<\/td>\n<\/tr>\n<tr>\n<td width=\"172\"><strong>E\u011fitim Bilgileri<\/strong><\/td>\n<td width=\"490\">\u00d6\u011frenim durumu, sertifika ve diploma bilgileri, uzmanl\u0131k bilgisi, yabanc\u0131 dil bilgileri, e\u011fitim ve beceriler, kat\u0131ld\u0131\u011f\u0131 seminer ve kurslar, bilgisayar bilgisi, s\u0131nav bilgisi<\/td>\n<\/tr>\n<tr>\n<td width=\"172\"><strong>\u00d6zl\u00fck Bilgileri<\/strong><\/td>\n<td width=\"490\">\u0130\u015fe giri\u015f tarihiniz, k\u0131deminiz, g\u00f6rev ald\u0131\u011f\u0131n\u0131z pozisyon bilgisi Askerlik durumu bilgisi (tamamland\u0131, tecilli, muaf stat\u00fcleri) Avukat olman\u0131z halinde Baro Sicil Numaras\u0131,<\/td>\n<\/tr>\n<tr>\n<td width=\"172\"><strong>Di\u011fer Bilgiler<\/strong><\/td>\n<td width=\"490\">S\u00fcr\u00fcc\u00fc belgesi verileri, referans bilgileri (referans ki\u015fisinden talep etti\u011fimiz onaya istinaden referans ki\u015fisinin ad\u0131 soyad\u0131 ve telefon numaras\u0131) (<strong><em>CV\u2019nizde\/ i\u015f ba\u015fvuru formunuzda belirtti\u011finiz referans ki\u015fisine \/ ki\u015filerine ait ad, soyad ve GSM no ile \u00f6zge\u00e7mi\u015finizde belirtti\u011finiz ki\u015fisel verilerin ilgili referans ki\u015fisinin\/ki\u015filerinin bilgi ve r\u0131zas\u0131na uygun olarak payla\u015f\u0131ld\u0131\u011f\u0131n\u0131 ve referans ki\u015fisinin aksi y\u00f6ndeki t\u00fcm talep ve iddialar\u0131n\u0131n sorumlulu\u011funun taraf\u0131n\u0131za ait oldu\u011funu kabul etmektesiniz.<\/em><\/strong>)<\/td>\n<\/tr>\n<\/tbody>\n<\/table>\n<p>&nbsp;<\/p>\n<p>Yukar\u0131daki tabloda yer alan ki\u015fisel veriler d\u0131\u015f\u0131nda, web sitemizde yer alan e-posta adreslerinden ya da di\u011fer ileti\u015fim kanallar\u0131ndan iletece\u011finiz \u00f6zge\u00e7mi\u015finizde yer alan ve taraf\u0131n\u0131zca belirtilmi\u015f olan ki\u015fisel verileri de i\u015fliyoruz. Bu sebeple taraf\u0131m\u0131za iletece\u011finiz \u00f6zge\u00e7mi\u015finizde, yukar\u0131da belirtilen bilgiler d\u0131\u015f\u0131nda bilgi vermemenizi \u00f6nemle rica ederiz.<\/p>\n<p>&nbsp;<\/p>\n<ol start=\"4\">\n<li><strong> K\u0130\u015e\u0130SEL VER\u0130LER\u0130N\u0130Z\u0130 K\u0130MLERLE HANG\u0130 AMA\u00c7LA PAYLA\u015eIYORUZ?<\/strong><\/li>\n<\/ol>\n<p><strong>\u00a0<\/strong><\/p>\n<p>Yasal y\u00fck\u00fcml\u00fcl\u00fckler ya da KVKK\u2019n\u0131n 8\/2 ile 9\/2\u2019nci maddesi \u015fartlar\u0131n\u0131n varl\u0131\u011f\u0131 halinde 3 no\u2019lu b\u00f6l\u00fcmde belirtilen ki\u015fisel verileriniz 6 no\u2019lu b\u00f6l\u00fcmde belirtilen i\u015fleme ama\u00e7lar\u0131 ile ba\u015fvurunuz sebebiyle referans kontrol\u00fc\/ teyidi yapmak amac\u0131yla veya olas\u0131 bir hukuki ihtilaf, soru\u015fturma, adli ya da idari denetim ve sair hallerde hukuki savunma hakk\u0131m\u0131z\u0131n kullan\u0131lmas\u0131, resmi ya da yasal di\u011fer bilgi ve belge taleplerine yan\u0131t verme ama\u00e7lar\u0131yla, i\u015f ba\u015fvuru formunda ya da \u00f6zge\u00e7mi\u015finizde belirtmi\u015f oldu\u011funuz referanslarla olas\u0131 bir hukuki ihtilaf, soru\u015fturma, adli ya da idari denetim ve sair hallerde \u015firket avukat\u0131m\u0131z, bilgi talep eden adli ve idari merciler ile payla\u015f\u0131lmaktad\u0131r.<\/p>\n<p>&nbsp;<\/p>\n<ol start=\"5\">\n<li><strong> K\u0130\u015e\u0130SEL VER\u0130LER\u0130N\u0130Z\u0130N TOPLANMA Y\u00d6NTEM\u0130 VE HUKUK\u0130 SEBEB\u0130 NED\u0130R?<\/strong><\/li>\n<\/ol>\n<p><strong>\u00a0<\/strong><\/p>\n<p>Ki\u015fisel verilerinizi her bir ki\u015fisel veri kategorisi i\u00e7in ayr\u0131nt\u0131lar\u0131 a\u015fa\u011f\u0131daki 6 no\u2019lu b\u00f6l\u00fcmde a\u00e7\u0131kland\u0131\u011f\u0131 \u00fczere 6698 say\u0131l\u0131 Kanun\u2019un 5\/2&#8217;nci maddesinde d\u00fczenlenen &#8220;Bir s\u00f6zle\u015fmenin kurulmas\u0131 veya ifas\u0131yla do\u011frudan do\u011fruya ilgili olmas\u0131 kayd\u0131yla, s\u00f6zle\u015fmenin taraflar\u0131na ait ki\u015fisel verilerin i\u015flenmesinin gerekli olmas\u0131&#8221;, \u00a0&#8220;Bir hakk\u0131n tesisi, kullan\u0131lmas\u0131 veya korunmas\u0131 i\u00e7in veri i\u015flemenin zorunlu olmas\u0131&#8221; ve &#8220;\u0130lgili ki\u015finin temel hak ve \u00f6zg\u00fcrl\u00fcklerine zarar vermemek kayd\u0131yla, veri sorumlusunun me\u015fru menfaatleri i\u00e7in veri i\u015flenmesinin zorunlu olmas\u0131&#8221; hukuki sebeplerine dayanarak; Kariyer.net ve LinkedIn arac\u0131l\u0131\u011f\u0131yla sizlerden gelen \u00f6zge\u00e7mi\u015flerinizin toplanmas\u0131 suretiyle otomatik ve otomatik olmayan y\u00f6ntemlerle topluyoruz.<\/p>\n<p>&nbsp;<\/p>\n<ol start=\"6\">\n<li><strong> K\u0130\u015e\u0130SEL VER\u0130LER\u0130N\u0130Z\u0130N \u0130\u015eLENME AMA\u00c7LARI ve HUKUK\u0130 SEBEPLER\u0130 NED\u0130R?<\/strong><\/li>\n<\/ol>\n<p>&nbsp;<\/p>\n<table width=\"0\">\n<tbody>\n<tr>\n<td width=\"115\"><strong>Ki\u015fisel Veri Kategorisi<\/strong><\/td>\n<td width=\"301\"><strong>\u0130\u015flenme Ama\u00e7lar\u0131<\/strong><\/td>\n<td width=\"265\"><strong>Hukuki Sebepleri<\/strong><\/td>\n<\/tr>\n<tr>\n<td width=\"115\"><strong>Kimlik Bilgileri<\/strong><\/td>\n<td width=\"301\">Ki\u015fisel verileriniz \u00e7al\u0131\u015fan adaylar\u0131n\u0131n ba\u015fvuru s\u00fcre\u00e7lerinin y\u00fcr\u00fct\u00fclmesi, \u00e7al\u0131\u015fan aday\u0131 \/ stajyer \/ stajyer se\u00e7me ve yerle\u015ftirme s\u00fcre\u00e7lerinin y\u00fcr\u00fct\u00fclmesi, faaliyetlerin mevzuata uygun y\u00fcr\u00fct\u00fclmesi, hukuk i\u015flerinin takibi ve y\u00fcr\u00fct\u00fclmesi, insan kaynaklar\u0131 s\u00fcre\u00e7lerinin planlanmas\u0131, ileti\u015fim faaliyetlerinin y\u00fcr\u00fct\u00fclmesi, i\u015f faaliyetlerinin y\u00fcr\u00fct\u00fclmesi \/ denetimi, s\u00f6zle\u015fme s\u00fcre\u00e7lerinin y\u00fcr\u00fct\u00fclmesi, yetkili ki\u015fi, kurum ve kurulu\u015flara bilgi verilmesi ama\u00e7lar\u0131yla i\u015flenmektedir.<\/td>\n<td width=\"265\">6698 say\u0131l\u0131 Kanun\u2019un 5\/2&#8217;nci maddesinin (c) bendinde d\u00fczenlenen &#8220;Bir s\u00f6zle\u015fmenin kurulmas\u0131 veya ifas\u0131yla do\u011frudan do\u011fruya ilgili olmas\u0131 kayd\u0131yla, s\u00f6zle\u015fmenin taraflar\u0131na ait ki\u015fisel verilerin i\u015flenmesinin gerekli olmas\u0131&#8221;<\/p>\n<p>&nbsp;<\/p>\n<p>6698 say\u0131l\u0131 Kanun\u2019un 5\/2&#8217;nci maddesinin (e) bendinde d\u00fczenlenen &#8220;Bir hakk\u0131n tesisi, kullan\u0131lmas\u0131 veya korunmas\u0131 i\u00e7in veri i\u015flemenin zorunlu olmas\u0131&#8221;<\/p>\n<p>&nbsp;<\/p>\n<p>6698 say\u0131l\u0131 Kanun\u2019un 5\/2&#8217;nci maddesinin (f) bendinde d\u00fczenlenen &#8220;\u0130lgili ki\u015finin temel hak ve \u00f6zg\u00fcrl\u00fcklerine zarar vermemek kayd\u0131yla, veri sorumlusunun me\u015fru menfaatleri i\u00e7in veri i\u015flenmesinin zorunlu olmas\u0131&#8221;<\/td>\n<\/tr>\n<tr>\n<td width=\"115\"><strong>\u0130leti\u015fim Bilgileri<\/strong><\/td>\n<td width=\"301\">Ki\u015fisel verileriniz \u00e7al\u0131\u015fan adaylar\u0131n\u0131n ba\u015fvuru s\u00fcre\u00e7lerinin y\u00fcr\u00fct\u00fclmesi, \u00e7al\u0131\u015fan aday\u0131 \/ stajyer \/ stajyer se\u00e7me ve yerle\u015ftirme s\u00fcre\u00e7lerinin y\u00fcr\u00fct\u00fclmesi, faaliyetlerin mevzuata uygun y\u00fcr\u00fct\u00fclmesi, hukuk i\u015flerinin takibi ve y\u00fcr\u00fct\u00fclmesi, insan kaynaklar\u0131 s\u00fcre\u00e7lerinin planlanmas\u0131, ileti\u015fim faaliyetlerinin y\u00fcr\u00fct\u00fclmesi, i\u015f faaliyetlerinin y\u00fcr\u00fct\u00fclmesi \/ denetimi, s\u00f6zle\u015fme s\u00fcre\u00e7lerinin y\u00fcr\u00fct\u00fclmesi, yetkili ki\u015fi, kurum ve kurulu\u015flara bilgi verilmesi ama\u00e7lar\u0131yla i\u015flenmektedir.<\/td>\n<td width=\"265\">6698 say\u0131l\u0131 Kanun\u2019un 5\/2&#8217;nci maddesinin (c) bendinde d\u00fczenlenen &#8220;Bir s\u00f6zle\u015fmenin kurulmas\u0131 veya ifas\u0131yla do\u011frudan do\u011fruya ilgili olmas\u0131 kayd\u0131yla, s\u00f6zle\u015fmenin taraflar\u0131na ait ki\u015fisel verilerin i\u015flenmesinin gerekli olmas\u0131&#8221;<\/p>\n<p>&nbsp;<\/p>\n<p>6698 say\u0131l\u0131 Kanun\u2019un 5\/2&#8217;nci maddesinin (e) bendinde d\u00fczenlenen &#8220;Bir hakk\u0131n tesisi, kullan\u0131lmas\u0131 veya korunmas\u0131 i\u00e7in veri i\u015flemenin zorunlu olmas\u0131&#8221;<\/p>\n<p>&nbsp;<\/p>\n<p>6698 say\u0131l\u0131 Kanun\u2019un 5\/2&#8217;nci maddesinin (f) bendinde d\u00fczenlenen &#8220;\u0130lgili ki\u015finin temel hak ve \u00f6zg\u00fcrl\u00fcklerine zarar vermemek kayd\u0131yla, veri sorumlusunun me\u015fru menfaatleri i\u00e7in veri i\u015flenmesinin zorunlu olmas\u0131&#8221;<\/td>\n<\/tr>\n<tr>\n<td width=\"115\"><strong>\u0130\u015flem G\u00fcvenli\u011fi<\/strong><\/td>\n<td width=\"301\">Ki\u015fisel verileriniz \u00e7al\u0131\u015fan adaylar\u0131n\u0131n ba\u015fvuru s\u00fcre\u00e7lerinin y\u00fcr\u00fct\u00fclmesi, \u00e7al\u0131\u015fan aday\u0131 \/ stajyer \/ stajyer se\u00e7me ve yerle\u015ftirme s\u00fcre\u00e7lerinin y\u00fcr\u00fct\u00fclmesi, faaliyetlerin mevzuata uygun y\u00fcr\u00fct\u00fclmesi, hukuk i\u015flerinin takibi ve y\u00fcr\u00fct\u00fclmesi, insan kaynaklar\u0131 s\u00fcre\u00e7lerinin planlanmas\u0131, ileti\u015fim faaliyetlerinin y\u00fcr\u00fct\u00fclmesi, i\u015f faaliyetlerinin y\u00fcr\u00fct\u00fclmesi \/ denetimi, s\u00f6zle\u015fme s\u00fcre\u00e7lerinin y\u00fcr\u00fct\u00fclmesi, yetkili ki\u015fi, kurum ve kurulu\u015flara bilgi verilmesi ama\u00e7lar\u0131yla i\u015flenmektedir.<\/td>\n<td width=\"265\">6698 say\u0131l\u0131 Kanun\u2019un 5\/2&#8217;nci maddesinin (c) bendinde d\u00fczenlenen &#8220;Bir s\u00f6zle\u015fmenin kurulmas\u0131 veya ifas\u0131yla do\u011frudan do\u011fruya ilgili olmas\u0131 kayd\u0131yla, s\u00f6zle\u015fmenin taraflar\u0131na ait ki\u015fisel verilerin i\u015flenmesinin gerekli olmas\u0131&#8221;<\/p>\n<p>&nbsp;<\/p>\n<p>6698 say\u0131l\u0131 Kanun\u2019un 5\/2&#8217;nci maddesinin (e) bendinde d\u00fczenlenen &#8220;Bir hakk\u0131n tesisi, kullan\u0131lmas\u0131 veya korunmas\u0131 i\u00e7in veri i\u015flemenin zorunlu olmas\u0131&#8221;<\/p>\n<p>&nbsp;<\/p>\n<p>6698 say\u0131l\u0131 Kanun\u2019un 5\/2&#8217;nci maddesinin (f) bendinde d\u00fczenlenen &#8220;\u0130lgili ki\u015finin temel hak ve \u00f6zg\u00fcrl\u00fcklerine zarar vermemek kayd\u0131yla, veri sorumlusunun me\u015fru menfaatleri i\u00e7in veri i\u015flenmesinin zorunlu olmas\u0131&#8221;<\/td>\n<\/tr>\n<tr>\n<td width=\"115\"><strong>G\u00f6rsel ve \u0130\u015fitsel Veriler<\/strong><\/td>\n<td width=\"301\">Ki\u015fisel verileriniz \u00e7al\u0131\u015fan adaylar\u0131n\u0131n ba\u015fvuru s\u00fcre\u00e7lerinin y\u00fcr\u00fct\u00fclmesi, \u00e7al\u0131\u015fan aday\u0131 \/ stajyer \/ stajyer se\u00e7me ve yerle\u015ftirme s\u00fcre\u00e7lerinin y\u00fcr\u00fct\u00fclmesi, faaliyetlerin mevzuata uygun y\u00fcr\u00fct\u00fclmesi, hukuk i\u015flerinin takibi ve y\u00fcr\u00fct\u00fclmesi, insan kaynaklar\u0131 s\u00fcre\u00e7lerinin planlanmas\u0131, ileti\u015fim faaliyetlerinin y\u00fcr\u00fct\u00fclmesi, i\u015f faaliyetlerinin y\u00fcr\u00fct\u00fclmesi \/ denetimi, s\u00f6zle\u015fme s\u00fcre\u00e7lerinin y\u00fcr\u00fct\u00fclmesi, yetkili ki\u015fi, kurum ve kurulu\u015flara bilgi verilmesi ama\u00e7lar\u0131yla i\u015flenmektedir.<\/td>\n<td width=\"265\">6698 say\u0131l\u0131 Kanun\u2019un 5\/2&#8217;nci maddesinin (c) bendinde d\u00fczenlenen &#8220;Bir s\u00f6zle\u015fmenin kurulmas\u0131 veya ifas\u0131yla do\u011frudan do\u011fruya ilgili olmas\u0131 kayd\u0131yla, s\u00f6zle\u015fmenin taraflar\u0131na ait ki\u015fisel verilerin i\u015flenmesinin gerekli olmas\u0131&#8221;<\/p>\n<p>&nbsp;<\/p>\n<p>6698 say\u0131l\u0131 Kanun\u2019un 5\/2&#8217;nci maddesinin (e) bendinde d\u00fczenlenen &#8220;Bir hakk\u0131n tesisi, kullan\u0131lmas\u0131 veya korunmas\u0131 i\u00e7in veri i\u015flemenin zorunlu olmas\u0131&#8221;<\/p>\n<p>&nbsp;<\/p>\n<p>6698 say\u0131l\u0131 Kanun\u2019un 5\/2&#8217;nci maddesinin (f) bendinde d\u00fczenlenen &#8220;\u0130lgili ki\u015finin temel hak ve \u00f6zg\u00fcrl\u00fcklerine zarar vermemek kayd\u0131yla, veri sorumlusunun me\u015fru menfaatleri i\u00e7in veri i\u015flenmesinin zorunlu olmas\u0131&#8221;<\/td>\n<\/tr>\n<tr>\n<td width=\"115\"><strong>Mesleki Deneyim<\/strong><\/td>\n<td width=\"301\">Ki\u015fisel verileriniz \u00e7al\u0131\u015fan adaylar\u0131n\u0131n ba\u015fvuru s\u00fcre\u00e7lerinin y\u00fcr\u00fct\u00fclmesi, \u00e7al\u0131\u015fan aday\u0131 \/ stajyer \/ stajyer se\u00e7me ve yerle\u015ftirme s\u00fcre\u00e7lerinin y\u00fcr\u00fct\u00fclmesi, faaliyetlerin mevzuata uygun y\u00fcr\u00fct\u00fclmesi, hukuk i\u015flerinin takibi ve y\u00fcr\u00fct\u00fclmesi, insan kaynaklar\u0131 s\u00fcre\u00e7lerinin planlanmas\u0131, ileti\u015fim faaliyetlerinin y\u00fcr\u00fct\u00fclmesi, i\u015f faaliyetlerinin y\u00fcr\u00fct\u00fclmesi \/ denetimi, s\u00f6zle\u015fme s\u00fcre\u00e7lerinin y\u00fcr\u00fct\u00fclmesi, yetkili ki\u015fi, kurum ve kurulu\u015flara bilgi verilmesi ama\u00e7lar\u0131yla i\u015flenmektedir.<\/td>\n<td width=\"265\">6698 say\u0131l\u0131 Kanun\u2019un 5\/2&#8217;nci maddesinin (c) bendinde d\u00fczenlenen &#8220;Bir s\u00f6zle\u015fmenin kurulmas\u0131 veya ifas\u0131yla do\u011frudan do\u011fruya ilgili olmas\u0131 kayd\u0131yla, s\u00f6zle\u015fmenin taraflar\u0131na ait ki\u015fisel verilerin i\u015flenmesinin gerekli olmas\u0131&#8221;<\/p>\n<p>&nbsp;<\/p>\n<p>6698 say\u0131l\u0131 Kanun\u2019un 5\/2&#8217;nci maddesinin (e) bendinde d\u00fczenlenen &#8220;Bir hakk\u0131n tesisi, kullan\u0131lmas\u0131 veya korunmas\u0131 i\u00e7in veri i\u015flemenin zorunlu olmas\u0131&#8221;<\/p>\n<p>&nbsp;<\/p>\n<p>6698 say\u0131l\u0131 Kanun\u2019un 5\/2&#8217;nci maddesinin (f) bendinde d\u00fczenlenen &#8220;\u0130lgili ki\u015finin temel hak ve \u00f6zg\u00fcrl\u00fcklerine zarar vermemek kayd\u0131yla, veri sorumlusunun me\u015fru menfaatleri i\u00e7in veri i\u015flenmesinin zorunlu olmas\u0131&#8221;<\/td>\n<\/tr>\n<tr>\n<td width=\"115\"><strong>E\u011fitim Bilgileri<\/strong><\/td>\n<td width=\"301\">Ki\u015fisel verileriniz \u00e7al\u0131\u015fan adaylar\u0131n\u0131n ba\u015fvuru s\u00fcre\u00e7lerinin y\u00fcr\u00fct\u00fclmesi, \u00e7al\u0131\u015fan aday\u0131 \/ stajyer \/ stajyer se\u00e7me ve yerle\u015ftirme s\u00fcre\u00e7lerinin y\u00fcr\u00fct\u00fclmesi, faaliyetlerin mevzuata uygun y\u00fcr\u00fct\u00fclmesi, hukuk i\u015flerinin takibi ve y\u00fcr\u00fct\u00fclmesi, insan kaynaklar\u0131 s\u00fcre\u00e7lerinin planlanmas\u0131, ileti\u015fim faaliyetlerinin y\u00fcr\u00fct\u00fclmesi, i\u015f faaliyetlerinin y\u00fcr\u00fct\u00fclmesi \/ denetimi, s\u00f6zle\u015fme s\u00fcre\u00e7lerinin y\u00fcr\u00fct\u00fclmesi, yetkili ki\u015fi, kurum ve kurulu\u015flara bilgi verilmesi ama\u00e7lar\u0131yla i\u015flenmektedir.<\/td>\n<td width=\"265\">6698 say\u0131l\u0131 Kanun\u2019un 5\/2&#8217;nci maddesinin (c) bendinde d\u00fczenlenen &#8220;Bir s\u00f6zle\u015fmenin kurulmas\u0131 veya ifas\u0131yla do\u011frudan do\u011fruya ilgili olmas\u0131 kayd\u0131yla, s\u00f6zle\u015fmenin taraflar\u0131na ait ki\u015fisel verilerin i\u015flenmesinin gerekli olmas\u0131&#8221;<\/p>\n<p>&nbsp;<\/p>\n<p>6698 say\u0131l\u0131 Kanun\u2019un 5\/2&#8217;nci maddesinin (e) bendinde d\u00fczenlenen &#8220;Bir hakk\u0131n tesisi, kullan\u0131lmas\u0131 veya korunmas\u0131 i\u00e7in veri i\u015flemenin zorunlu olmas\u0131&#8221;<\/p>\n<p>&nbsp;<\/p>\n<p>6698 say\u0131l\u0131 Kanun\u2019un 5\/2&#8217;nci maddesinin (f) bendinde d\u00fczenlenen &#8220;\u0130lgili ki\u015finin temel hak ve \u00f6zg\u00fcrl\u00fcklerine zarar vermemek kayd\u0131yla, veri sorumlusunun me\u015fru menfaatleri i\u00e7in veri i\u015flenmesinin zorunlu olmas\u0131&#8221;<\/td>\n<\/tr>\n<tr>\n<td width=\"115\"><strong>\u00d6zl\u00fck Bilgileri<\/strong><\/td>\n<td width=\"301\">Ki\u015fisel verileriniz \u00e7al\u0131\u015fan adaylar\u0131n\u0131n ba\u015fvuru s\u00fcre\u00e7lerinin y\u00fcr\u00fct\u00fclmesi, \u00e7al\u0131\u015fan aday\u0131 \/ stajyer \/ stajyer se\u00e7me ve yerle\u015ftirme s\u00fcre\u00e7lerinin y\u00fcr\u00fct\u00fclmesi, faaliyetlerin mevzuata uygun y\u00fcr\u00fct\u00fclmesi, hukuk i\u015flerinin takibi ve y\u00fcr\u00fct\u00fclmesi, insan kaynaklar\u0131 s\u00fcre\u00e7lerinin planlanmas\u0131, ileti\u015fim faaliyetlerinin y\u00fcr\u00fct\u00fclmesi, i\u015f faaliyetlerinin y\u00fcr\u00fct\u00fclmesi \/ denetimi, s\u00f6zle\u015fme s\u00fcre\u00e7lerinin y\u00fcr\u00fct\u00fclmesi, yetkili ki\u015fi, kurum ve kurulu\u015flara bilgi verilmesi ama\u00e7lar\u0131yla i\u015flenmektedir.<\/td>\n<td width=\"265\">6698 say\u0131l\u0131 Kanun\u2019un 5\/2&#8217;nci maddesinin (c) bendinde d\u00fczenlenen &#8220;Bir s\u00f6zle\u015fmenin kurulmas\u0131 veya ifas\u0131yla do\u011frudan do\u011fruya ilgili olmas\u0131 kayd\u0131yla, s\u00f6zle\u015fmenin taraflar\u0131na ait ki\u015fisel verilerin i\u015flenmesinin gerekli olmas\u0131&#8221;<\/p>\n<p>&nbsp;<\/p>\n<p>6698 say\u0131l\u0131 Kanun\u2019un 5\/2&#8217;nci maddesinin (e) bendinde d\u00fczenlenen &#8220;Bir hakk\u0131n tesisi, kullan\u0131lmas\u0131 veya korunmas\u0131 i\u00e7in veri i\u015flemenin zorunlu olmas\u0131&#8221;<\/p>\n<p>&nbsp;<\/p>\n<p>6698 say\u0131l\u0131 Kanun\u2019un 5\/2&#8217;nci maddesinin (f) bendinde d\u00fczenlenen &#8220;\u0130lgili ki\u015finin temel hak ve \u00f6zg\u00fcrl\u00fcklerine zarar vermemek kayd\u0131yla, veri sorumlusunun me\u015fru menfaatleri i\u00e7in veri i\u015flenmesinin zorunlu olmas\u0131&#8221;<\/td>\n<\/tr>\n<tr>\n<td width=\"115\"><strong>Di\u011fer Bilgiler<\/strong><\/td>\n<td width=\"301\">Ki\u015fisel verileriniz \u00e7al\u0131\u015fan adaylar\u0131n\u0131n ba\u015fvuru s\u00fcre\u00e7lerinin y\u00fcr\u00fct\u00fclmesi, \u00e7al\u0131\u015fan aday\u0131 \/ stajyer \/ stajyer se\u00e7me ve yerle\u015ftirme s\u00fcre\u00e7lerinin y\u00fcr\u00fct\u00fclmesi, faaliyetlerin mevzuata uygun y\u00fcr\u00fct\u00fclmesi, hukuk i\u015flerinin takibi ve y\u00fcr\u00fct\u00fclmesi, insan kaynaklar\u0131 s\u00fcre\u00e7lerinin planlanmas\u0131, ileti\u015fim faaliyetlerinin y\u00fcr\u00fct\u00fclmesi, i\u015f faaliyetlerinin y\u00fcr\u00fct\u00fclmesi \/ denetimi, s\u00f6zle\u015fme s\u00fcre\u00e7lerinin y\u00fcr\u00fct\u00fclmesi, yetkili ki\u015fi, kurum ve kurulu\u015flara bilgi verilmesi ama\u00e7lar\u0131yla i\u015flenmektedir.<\/td>\n<td width=\"265\">6698 say\u0131l\u0131 Kanun\u2019un 5\/2&#8217;nci maddesinin (c) bendinde d\u00fczenlenen &#8220;Bir s\u00f6zle\u015fmenin kurulmas\u0131 veya ifas\u0131yla do\u011frudan do\u011fruya ilgili olmas\u0131 kayd\u0131yla, s\u00f6zle\u015fmenin taraflar\u0131na ait ki\u015fisel verilerin i\u015flenmesinin gerekli olmas\u0131&#8221;<\/p>\n<p>&nbsp;<\/p>\n<p>6698 say\u0131l\u0131 Kanun\u2019un 5\/2&#8217;nci maddesinin (e) bendinde d\u00fczenlenen &#8220;Bir hakk\u0131n tesisi, kullan\u0131lmas\u0131 veya korunmas\u0131 i\u00e7in veri i\u015flemenin zorunlu olmas\u0131&#8221;<\/p>\n<p>&nbsp;<\/p>\n<p>6698 say\u0131l\u0131 Kanun\u2019un 5\/2&#8217;nci maddesinin (f) bendinde d\u00fczenlenen &#8220;\u0130lgili ki\u015finin temel hak ve \u00f6zg\u00fcrl\u00fcklerine zarar vermemek kayd\u0131yla, veri sorumlusunun me\u015fru menfaatleri i\u00e7in veri i\u015flenmesinin zorunlu olmas\u0131&#8221;<\/td>\n<\/tr>\n<\/tbody>\n<\/table>\n<p>&nbsp;<\/p>\n<ol start=\"7\">\n<li><strong> KVKK KAPSAMINDA SAH\u0130P OLDU\u011eUNUZ HAKLARINIZ<\/strong><\/li>\n<\/ol>\n<p>&nbsp;<\/p>\n<p><strong>\u015eirketimize ba\u015fvurarak ki\u015fisel verilerinizin;<\/strong><\/p>\n<ol>\n<li>a) i\u015flenip i\u015flenmedi\u011fini \u00f6\u011frenme,<\/li>\n<li>b) i\u015flenmi\u015fse bilgi talep etme,<\/li>\n<li>c) i\u015flenme amac\u0131n\u0131 ve amac\u0131na uygun kullan\u0131l\u0131p kullan\u0131lmad\u0131\u011f\u0131n\u0131 \u00f6\u011frenme,<\/li>\n<\/ol>\n<p>\u00e7) yurt i\u00e7inde \/ yurt d\u0131\u015f\u0131nda aktar\u0131ld\u0131\u011f\u0131 3. ki\u015fileri bilme,<\/p>\n<ol>\n<li>d) eksik \/ yanl\u0131\u015f i\u015flenmi\u015fse d\u00fczeltilmesini isteme,<\/li>\n<li>e) KVKK\u2019n\u0131n 7\u2019nci maddesinde \u00f6ng\u00f6r\u00fclen \u015fartlar \u00e7er\u00e7evesinde silinmesini \/ yok edilmesini isteme,<\/li>\n<li>f) aktar\u0131ld\u0131\u011f\u0131 \u00fc\u00e7\u00fcnc\u00fc ki\u015filere yukar\u0131da say\u0131lan (d) ve (e) bentleri uyar\u0131nca yap\u0131lan i\u015flemlerin bildirilmesini isteme,<\/li>\n<li>g) m\u00fcnhas\u0131ran otomatik sistemler ile analiz edilmesi nedeniyle aleyhinize bir sonucun ortaya \u00e7\u0131kmas\u0131na itiraz etme,<\/li>\n<\/ol>\n<p>\u011f) kanuna ayk\u0131r\u0131 olarak i\u015flenmesi sebebiyle zarara u\u011framan\u0131z h\u00e2linde zarar\u0131n giderilmesini talep etme hakk\u0131na sahipsiniz.<\/p>\n<p>Yukar\u0131da belirtilen haklar\u0131n\u0131z\u0131 kullanma ile ilgili talebinizi, 6698 say\u0131l\u0131 Kanunu&#8217;nun 13. maddesinin 1. f\u0131kras\u0131 ve 30356 say\u0131l\u0131 ve 10.03.2018 tarihli Veri Sorumlusuna Ba\u015fvuru Usul ve Esaslar\u0131 Hakk\u0131nda Tebli\u011f gere\u011fince T\u00fcrk\u00e7e ve yaz\u0131l\u0131 olarak veya kay\u0131tl\u0131 elektronik posta (KEP) adresi, g\u00fcvenli elektronik imza, mobil imza ya da \u015eirketimize daha \u00f6nce bildirilen ve sistemimizde kay\u0131tl\u0131 bulunan elektronik posta adresini kullanmak suretiyle iletebilirsiniz. Ba\u015fvurularda sadece ba\u015fvuru sahibi ki\u015fi hakk\u0131nda bilgi verilecek olup di\u011fer aile fertleri ve \u00fc\u00e7\u00fcnc\u00fc ki\u015filer hakk\u0131nda bilgi al\u0131nmas\u0131 m\u00fcmk\u00fcn olmayacakt\u0131r. \u015eirketimizin cevap vermeden \u00f6nce kimli\u011finizi do\u011frulama hakk\u0131 sakl\u0131d\u0131r.<\/p>\n<p>Ba\u015fvurunuzda;<\/p>\n<ul>\n<li>Ad\u0131n\u0131z\u0131n, soyad\u0131n\u0131z\u0131n ve ba\u015fvuru yaz\u0131l\u0131 ise imzan\u0131z\u0131n,<\/li>\n<li>T\u00fcrkiye Cumhuriyeti vatanda\u015flar\u0131 i\u00e7in T.C. kimlik numaran\u0131z\u0131n, yabanc\u0131 iseniz uyru\u011funuzun, pasaport numaran\u0131z\u0131n veya varsa kimlik numaran\u0131z\u0131n,<\/li>\n<li>Tebligata esas yerle\u015fim yeri veya i\u015f yeri adresinizin,<\/li>\n<li>Varsa bildirime esas elektronik posta adresi, telefon ve faks numaran\u0131z\u0131n,<\/li>\n<li>Talep konunuzun bulunmas\u0131 zorunlu olup varsa konuya ili\u015fkin bilgi ve belgelerin de ba\u015fvuruya eklenmesi gerekmektedir.<\/li>\n<\/ul>\n<p>Yaz\u0131l\u0131 olarak yapmak istedi\u011finiz ba\u015fvurular\u0131n\u0131z\u0131, gerekli belgeleri ekleyerek veri sorumlusu olarak \u015eirketimizin Balmumcu Mah. Zincirlikuyu Yolu No.10 Be\u015fikta\u015f\/\u0130stanbul adresine verebilirsiniz.<\/p>\n<p>\u015eirketimize daha \u00f6nce bildirilen ve sistemimizde kay\u0131tl\u0131 bulunan e-posta adresiniz yoluyla yapmak istedi\u011finiz ba\u015fvurular\u0131n\u0131z\u0131 <a href=\"https:\/\/www.enka.com\/tr\/\">https:\/\/www.enka.com\/tr\/<\/a> \u00a0internet sitesi \u00fczerindeki ileti\u015fim kanallar\u0131ndan yapabilirsiniz.<\/p>\n<p>5070 say\u0131l\u0131 Elektronik \u0130mza Kanunu kapsam\u0131nda g\u00fcvenli elektronik imza ile imzalayarak Kay\u0131tl\u0131 Elektronik Posta (KEP) adresiniz yoluyla yapmak istedi\u011finiz ba\u015fvurular\u0131n\u0131z\u0131 KEP adresimize yapabilirsiniz. KEP adreslerine sadece KEP uzant\u0131l\u0131 adreslerden g\u00f6nderim yap\u0131labilmektedir.<\/p>\n<p>&nbsp;<\/p>\n<p>Talebinizin niteli\u011fine g\u00f6re kimlik tespitine olanak sa\u011flayacak bilgi ve belgelerin eksiksiz ve do\u011fru olarak taraf\u0131m\u0131za sa\u011flanmas\u0131 gerekmektedir. \u0130stenilen bilgi ve belgelerin gere\u011fi gibi sa\u011flanmamas\u0131 durumunda, \u015eirketimiz taraf\u0131ndan talebinize istinaden yap\u0131lacak ara\u015ft\u0131rmalar\u0131n tam ve nitelikli \u015fekilde y\u00fcr\u00fct\u00fclmesinde aksakl\u0131klar ya\u015fanabilecektir. Bu durumda, \u015eirketimiz kanuni haklar\u0131n\u0131 sakl\u0131 tuttu\u011funu beyan eder. Bu nedenle, ba\u015fvurunuzun talebinizin niteli\u011fine g\u00f6re eksiksiz ve kimlik tespitinin yap\u0131lmas\u0131 amac\u0131yla istenilen bilgileri ve belgeleri i\u00e7erecek \u015fekilde g\u00f6nderilmesi gerekmektedir.<\/p>\n<p>&nbsp;<\/p>\n<ol start=\"8\">\n<li><strong> K\u0130\u015e\u0130SEL VER\u0130LER\u0130N\u0130Z\u0130N KORUNMASINA \u0130L\u0130\u015eK\u0130N \u00d6NLEMLER<\/strong><\/li>\n<\/ol>\n<p>&nbsp;<\/p>\n<p>Ki\u015fisel verilerin korunmas\u0131, \u015firketimiz i\u00e7in \u00f6nemli bir konudur. \u015eirketimiz, ki\u015fisel verilere yetkisiz eri\u015fim veya bu bilgilerin kayb\u0131, hatal\u0131 kullan\u0131m\u0131, if\u015fa edilmesi, de\u011fi\u015ftirilmesi veya imha edilmesine kar\u015f\u0131 korumak i\u00e7in gerekli teknik ve idari tedbirleri almaktad\u0131r. \u015eirketimiz, ki\u015fisel verilerinizi gizli tutmay\u0131, gizlili\u011fin sa\u011flanmas\u0131 ve g\u00fcvenli\u011fi i\u00e7in gerekli teknik ve idari her t\u00fcrl\u00fc tedbiri almay\u0131 ve gerekli \u00f6zeni g\u00f6stermeyi taahh\u00fct etmektedir.<\/p>\n<p>&nbsp;<\/p>\n<p>\u015eirketimizin gerekli bilgi g\u00fcvenli\u011fi \u00f6nlemlerini almas\u0131na kar\u015f\u0131n, web sitesine ve sisteme yap\u0131lan sald\u0131r\u0131lar sonucunda ki\u015fisel verilerin zarar g\u00f6rmesi veya \u00fc\u00e7\u00fcnc\u00fc ki\u015filerin eline ge\u00e7mesi durumunda, \u015eirketimiz bu durumu derhal sizlere ve Ki\u015fisel Verileri Koruma Kurulu\u2019na bildirir.<\/p>\n<p>&nbsp;<\/p>\n<ol start=\"9\">\n<li><strong> K\u0130\u015e\u0130SEL VER\u0130LER\u0130N\u0130Z\u0130N DO\u011eRU VE G\u00dcNCEL OLARAK MUHAFAZA ED\u0130LMES\u0130<\/strong><\/li>\n<\/ol>\n<p><strong>\u00a0<\/strong><\/p>\n<p>Ki\u015fisel verilerini \u015firketimizle payla\u015fanlar, bu bilgilerin do\u011fru olmas\u0131n\u0131n ve g\u00fcncel bir \u015fekilde muhafaza edilmesinin, hem 6698 Say\u0131l\u0131 Ki\u015fisel Verilerin Korunmas\u0131 Kanunu anlam\u0131nda ki\u015fisel verileri \u00fczerinde sahip olduklar\u0131 haklar hem de ilgili di\u011fer mevzuat a\u00e7\u0131s\u0131ndan \u00f6nemli oldu\u011funu bildiklerini ve yanl\u0131\u015f bilgi verilmesinde do\u011facak sorumluluklar\u0131n tamamen kendilerine ait olaca\u011f\u0131n\u0131, kabul ve beyan etmi\u015flerdir.<\/p>\n<p>&nbsp;<\/p>\n<p>Payla\u015fm\u0131\u015f oldu\u011funuz ki\u015fisel verileriniz ile ilgili de\u011fi\u015fiklik ve\/veya g\u00fcncellemeleri a\u015fa\u011f\u0131da belirtilen tebligat adresine fiziki posta yoluyla ya da <a href=\"https:\/\/www.enka.com\/tr\/\">https:\/\/www.enka.com\/tr\/<\/a> \u00a0internet sitesi \u00fczerindeki ileti\u015fim kanallar\u0131ndan gerekli bildirimleri yapabilirsiniz.<\/p>\n<p>&nbsp;<\/p>\n<ol start=\"10\">\n<li><strong> K\u0130\u015e\u0130SEL VER\u0130LER\u0130N\u0130Z\u0130N S\u0130L\u0130NMES\u0130, YOK ED\u0130LMES\u0130 VEYA ANON\u0130M HALE GET\u0130R\u0130LMES\u0130<\/strong><\/li>\n<\/ol>\n<p><strong>\u00a0<\/strong><\/p>\n<p>\u0130\u015fbu Bilgilendirme metninde belirtilen ama\u00e7larla i\u015flenmi\u015f olan ki\u015fisel verileriniz; KVKK md. 7\/1&#8217;e g\u00f6re i\u015flenmesini gerektiren ama\u00e7 ortadan kalkt\u0131\u011f\u0131nda ve varsa Kanunlar\u0131n belirledi\u011fi s\u00fcreler ge\u00e7ince; \u015eirketimizin<em> Ki\u015fisel Verilerin Silinmesi, Yok Edilmesi veya Anonim Hale Getirilmesi Hakk\u0131nda Y\u00f6netmelik <\/em>h\u00fck\u00fcmlerine uygun olarak haz\u0131rlanan Ki\u015fisel Veri Saklama ve \u0130mha Politikas\u0131 do\u011frultusunda re\u2019sen veya talebiniz \u00fczerine taraf\u0131m\u0131zca silinecek, yok edilecek veya anonimle\u015ftirilerek kullan\u0131lmaya devam edilecektir.<\/p>\n<p>&nbsp;<\/p>\n<ol start=\"11\">\n<li><strong> VER\u0130 SORUMLUSUNUN K\u0130ML\u0130\u011e\u0130<\/strong><\/li>\n<\/ol>\n<p><strong>\u00a0<\/strong><\/p>\n<p><strong>ENKA \u0130N\u015eAAT VE SANAYI A.\u015e.<\/strong><\/p>\n<p><strong>Mersis No: <\/strong>335004895500013<\/p>\n<p><strong>Adres: <\/strong>BALMUMCU MAH. BALMUMCU MAH.Z\u0130NC\u0130RL\u0130KUYU YOLU NO.10 \/ 10 \u0130STANBUL \/ BE\u015e\u0130KTA\u015e<\/p>\n<p><strong>KEP Adresi: <\/strong><a href=\"mailto:enka@enka.hs03.kep.tr\">enka@enka.hs03.kep.tr<\/a>[\/vc_column_text][\/vc_tta_section][\/vc_tta_accordion][\/vc_column][\/vc_row]\n<\/div>","protected":false},"excerpt":{"rendered":"<p>[vc_row][vc_column][\/vc_column][\/vc_row][vc_row][vc_column][vc_column_text] Misyonumuza inan\u0131n, Vizyonumuzu payla\u015f\u0131n, ekibimize kat\u0131l\u0131n\u00a0! ENKA, yar\u0131m y\u00fczy\u0131ldan fazla bir s\u00fcredir m\u00fchendislik ve in\u015faat sekt\u00f6r\u00fcnde rekabet etmektedir. Cesur taahh\u00fctler yapmak i\u00e7in adanm\u0131\u015fl\u0131\u011f\u0131m\u0131z, zorluklar\u0131 yenme g\u00fcc\u00fcm\u00fcz ve arzumuz b\u00fcy\u00fcmemizi tetiklemi\u015f, m\u00fc\u015fterilerimizi g\u00fc\u00e7lendirmi\u015f ve faaliyet g\u00f6sterdi\u011fimiz \u00fclkeleri ileriye ta\u015f\u0131m\u0131\u015ft\u0131r. En karma\u015f\u0131k g\u00fc\u00e7l\u00fcklerin \u00fcstesinden gelmenin ve zorlu projeleri tamamlaman\u0131n tek yolunun y\u00fcksek potansiyele sahip ekiplerle birlikte <a class=\"more-link\" href=\"https:\/\/www.enka.com\/tr\/merkez-gruplari\/insan-kaynaklari\/mesleki-gelisim\/profesyoneller\/\">Continue reading <i class=\"fa fa-chevron-right\"><\/i><\/a><\/p>\n","protected":false},"author":25,"featured_media":27591,"parent":25463,"menu_order":0,"comment_status":"closed","ping_status":"closed","template":"","meta":{"_acf_changed":false,"footnotes":""},"class_list":["post-25365","page","type-page","status-publish","has-post-thumbnail","hentry"],"aioseo_notices":[],"acf":[],"_links":{"self":[{"href":"https:\/\/www.enka.com\/tr\/wp-json\/wp\/v2\/pages\/25365","targetHints":{"allow":["GET"]}}],"collection":[{"href":"https:\/\/www.enka.com\/tr\/wp-json\/wp\/v2\/pages"}],"about":[{"href":"https:\/\/www.enka.com\/tr\/wp-json\/wp\/v2\/types\/page"}],"author":[{"embeddable":true,"href":"https:\/\/www.enka.com\/tr\/wp-json\/wp\/v2\/users\/25"}],"replies":[{"embeddable":true,"href":"https:\/\/www.enka.com\/tr\/wp-json\/wp\/v2\/comments?post=25365"}],"version-history":[{"count":0,"href":"https:\/\/www.enka.com\/tr\/wp-json\/wp\/v2\/pages\/25365\/revisions"}],"up":[{"embeddable":true,"href":"https:\/\/www.enka.com\/tr\/wp-json\/wp\/v2\/pages\/25463"}],"wp:featuredmedia":[{"embeddable":true,"href":"https:\/\/www.enka.com\/tr\/wp-json\/wp\/v2\/media\/27591"}],"wp:attachment":[{"href":"https:\/\/www.enka.com\/tr\/wp-json\/wp\/v2\/media?parent=25365"}],"curies":[{"name":"wp","href":"https:\/\/api.w.org\/{rel}","templated":true}]}}